{"id":1172,"date":"2025-04-30T18:23:44","date_gmt":"2025-04-30T22:23:44","guid":{"rendered":"https:\/\/www.alcantara-alicante.cl\/alicante-rosal\/?page_id=1172"},"modified":"2025-04-30T18:27:42","modified_gmt":"2025-04-30T22:27:42","slug":"noticias-y-actividades-preescolar","status":"publish","type":"page","link":"https:\/\/www.alcantara-alicante.cl\/alicante-rosal\/noticias-y-actividades-preescolar\/","title":{"rendered":"Noticias  y Actividades Preescolar"},"content":{"rendered":"\t\t<div data-elementor-type=\"wp-page\" data-elementor-id=\"1172\" class=\"elementor elementor-1172\" data-elementor-post-type=\"page\">\n\t\t\t\t<div class=\"elementor-element elementor-element-39f10c3 e-con-full e-flex e-con e-parent\" data-id=\"39f10c3\" data-element_type=\"container\" data-e-type=\"container\" data-settings=\"{&quot;background_background&quot;:&quot;classic&quot;}\">\n\t\t\t\t<div class=\"elementor-element elementor-element-9ee21af elementor-widget elementor-widget-heading\" data-id=\"9ee21af\" data-element_type=\"widget\" data-e-type=\"widget\" data-widget_type=\"heading.default\">\n\t\t\t\t<div class=\"elementor-widget-container\">\n\t\t\t\t\t<h1 class=\"elementor-heading-title elementor-size-default\">NOTICIAS PREESCOLAR<\/h1>\t\t\t\t<\/div>\n\t\t\t\t<\/div>\n\t\t\t\t<\/div>\n\t\t<div class=\"elementor-element elementor-element-d4c2e3d e-con-full e-flex e-con e-parent\" data-id=\"d4c2e3d\" data-element_type=\"container\" data-e-type=\"container\" data-settings=\"{&quot;background_background&quot;:&quot;classic&quot;}\">\n\t\t\t\t<div class=\"elementor-element elementor-element-efd8393 elementor-grid-4 elementor-grid-tablet-2 elementor-grid-mobile-1 elementor-posts--thumbnail-top elementor-card-shadow-yes elementor-posts__hover-gradient elementor-widget elementor-widget-posts\" data-id=\"efd8393\" data-element_type=\"widget\" data-e-type=\"widget\" data-settings=\"{&quot;cards_columns&quot;:&quot;4&quot;,&quot;cards_row_gap&quot;:{&quot;unit&quot;:&quot;px&quot;,&quot;size&quot;:30,&quot;sizes&quot;:[]},&quot;cards_columns_tablet&quot;:&quot;2&quot;,&quot;cards_columns_mobile&quot;:&quot;1&quot;,&quot;cards_row_gap_tablet&quot;:{&quot;unit&quot;:&quot;px&quot;,&quot;size&quot;:&quot;&quot;,&quot;sizes&quot;:[]},&quot;cards_row_gap_mobile&quot;:{&quot;unit&quot;:&quot;px&quot;,&quot;size&quot;:&quot;&quot;,&quot;sizes&quot;:[]}}\" data-widget_type=\"posts.cards\">\n\t\t\t\t<div class=\"elementor-widget-container\">\n\t\t\t\t\t\t\t<div class=\"elementor-posts-container elementor-posts elementor-posts--skin-cards elementor-grid\" role=\"list\">\n\t\t\t\t<article class=\"elementor-post elementor-grid-item post-1766 post type-post status-publish format-standard has-post-thumbnail hentry category-destacadas category-noticias-parvulario\" role=\"listitem\">\n\t\t\t<div class=\"elementor-post__card\">\n\t\t\t\t<a class=\"elementor-post__thumbnail__link\" href=\"https:\/\/www.alcantara-alicante.cl\/alicante-rosal\/2025\/08\/18\/experiencias-significativas-en-nivel-medio-mayor\/\" tabindex=\"-1\" ><div class=\"elementor-post__thumbnail\"><img fetchpriority=\"high\" decoding=\"async\" width=\"300\" height=\"200\" src=\"https:\/\/www.alcantara-alicante.cl\/alicante-rosal\/wp-content\/uploads\/sites\/6\/2025\/08\/colegio-alicante-del-rosal_medio-mayor0-300x200.jpg\" class=\"attachment-medium size-medium wp-image-1767\" alt=\"\" srcset=\"https:\/\/www.alcantara-alicante.cl\/alicante-rosal\/wp-content\/uploads\/sites\/6\/2025\/08\/colegio-alicante-del-rosal_medio-mayor0-300x200.jpg 300w, https:\/\/www.alcantara-alicante.cl\/alicante-rosal\/wp-content\/uploads\/sites\/6\/2025\/08\/colegio-alicante-del-rosal_medio-mayor0.jpg 500w\" sizes=\"(max-width: 300px) 100vw, 300px\" \/><\/div><\/a>\n\t\t\t\t<div class=\"elementor-post__badge\">Destacadas<\/div>\n\t\t\t\t<div class=\"elementor-post__text\">\n\t\t\t\t<h3 class=\"elementor-post__title\">\n\t\t\t<a href=\"https:\/\/www.alcantara-alicante.cl\/alicante-rosal\/2025\/08\/18\/experiencias-significativas-en-nivel-medio-mayor\/\" >\n\t\t\t\tExperiencias significativas en Nivel Medio Mayor\t\t\t<\/a>\n\t\t<\/h3>\n\t\t\t\t<div class=\"elementor-post__excerpt\">\n\t\t\t<p>Aprendemos haciendo: experiencias significativas en nivel Medio Mayor En el Nivel Medio Mayor de nuestro colegio, cada experiencia es una<\/p>\n\t\t<\/div>\n\t\t\t\t\t<div class=\"elementor-post__read-more-wrapper\">\n\t\t\n\t\t<a class=\"elementor-post__read-more\" href=\"https:\/\/www.alcantara-alicante.cl\/alicante-rosal\/2025\/08\/18\/experiencias-significativas-en-nivel-medio-mayor\/\" aria-label=\"M\u00e1s informaci\u00f3n sobre Experiencias significativas en Nivel Medio Mayor\" tabindex=\"-1\" >\n\t\t\tLeer m\u00e1s \u00bb\t\t<\/a>\n\n\t\t\t\t\t<\/div>\n\t\t\t\t<\/div>\n\t\t\t\t<div class=\"elementor-post__meta-data\">\n\t\t\t\t\t<span class=\"elementor-post-date\">\n\t\t\t18 de agosto de 2025\t\t<\/span>\n\t\t\t\t<\/div>\n\t\t\t\t\t<\/div>\n\t\t<\/article>\n\t\t\t\t<article class=\"elementor-post elementor-grid-item post-1683 post type-post status-publish format-standard has-post-thumbnail hentry category-destacadas category-noticias-parvulario\" role=\"listitem\">\n\t\t\t<div class=\"elementor-post__card\">\n\t\t\t\t<a class=\"elementor-post__thumbnail__link\" href=\"https:\/\/www.alcantara-alicante.cl\/alicante-rosal\/2025\/08\/01\/preescolar-celebra-aniversario-colegio\/\" tabindex=\"-1\" ><div class=\"elementor-post__thumbnail\"><img decoding=\"async\" width=\"300\" height=\"200\" src=\"https:\/\/www.alcantara-alicante.cl\/alicante-rosal\/wp-content\/uploads\/sites\/6\/2025\/08\/legio-alicante-del-rosal_preescolar0-300x200.jpeg\" class=\"attachment-medium size-medium wp-image-1684\" alt=\"\" srcset=\"https:\/\/www.alcantara-alicante.cl\/alicante-rosal\/wp-content\/uploads\/sites\/6\/2025\/08\/legio-alicante-del-rosal_preescolar0-300x200.jpeg 300w, https:\/\/www.alcantara-alicante.cl\/alicante-rosal\/wp-content\/uploads\/sites\/6\/2025\/08\/legio-alicante-del-rosal_preescolar0.jpeg 500w\" sizes=\"(max-width: 300px) 100vw, 300px\" \/><\/div><\/a>\n\t\t\t\t<div class=\"elementor-post__badge\">Destacadas<\/div>\n\t\t\t\t<div class=\"elementor-post__text\">\n\t\t\t\t<h3 class=\"elementor-post__title\">\n\t\t\t<a href=\"https:\/\/www.alcantara-alicante.cl\/alicante-rosal\/2025\/08\/01\/preescolar-celebra-aniversario-colegio\/\" >\n\t\t\t\tPreescolar celebra aniversario colegio\t\t\t<\/a>\n\t\t<\/h3>\n\t\t\t\t<div class=\"elementor-post__excerpt\">\n\t\t\t<p>Durante esta \u00faltima semana de julio, nuestros ni\u00f1os y ni\u00f1as del nivel Preescolar fueron los grandes protagonistas de la celebraci\u00f3n<\/p>\n\t\t<\/div>\n\t\t\t\t\t<div class=\"elementor-post__read-more-wrapper\">\n\t\t\n\t\t<a class=\"elementor-post__read-more\" href=\"https:\/\/www.alcantara-alicante.cl\/alicante-rosal\/2025\/08\/01\/preescolar-celebra-aniversario-colegio\/\" aria-label=\"M\u00e1s informaci\u00f3n sobre Preescolar celebra aniversario colegio\" tabindex=\"-1\" >\n\t\t\tLeer m\u00e1s \u00bb\t\t<\/a>\n\n\t\t\t\t\t<\/div>\n\t\t\t\t<\/div>\n\t\t\t\t<div class=\"elementor-post__meta-data\">\n\t\t\t\t\t<span class=\"elementor-post-date\">\n\t\t\t1 de agosto de 2025\t\t<\/span>\n\t\t\t\t<\/div>\n\t\t\t\t\t<\/div>\n\t\t<\/article>\n\t\t\t\t<article class=\"elementor-post elementor-grid-item post-1614 post type-post status-publish format-standard has-post-thumbnail hentry category-destacadas category-noticias-parvulario\" role=\"listitem\">\n\t\t\t<div class=\"elementor-post__card\">\n\t\t\t\t<a class=\"elementor-post__thumbnail__link\" href=\"https:\/\/www.alcantara-alicante.cl\/alicante-rosal\/2025\/07\/21\/convenio-academia-after-class\/\" tabindex=\"-1\" ><div class=\"elementor-post__thumbnail\"><img decoding=\"async\" width=\"300\" height=\"200\" src=\"https:\/\/www.alcantara-alicante.cl\/alicante-rosal\/wp-content\/uploads\/sites\/6\/2025\/07\/Academia-After-class-300x200.png\" class=\"attachment-medium size-medium wp-image-1615\" alt=\"\" srcset=\"https:\/\/www.alcantara-alicante.cl\/alicante-rosal\/wp-content\/uploads\/sites\/6\/2025\/07\/Academia-After-class-300x200.png 300w, https:\/\/www.alcantara-alicante.cl\/alicante-rosal\/wp-content\/uploads\/sites\/6\/2025\/07\/Academia-After-class.png 500w\" sizes=\"(max-width: 300px) 100vw, 300px\" \/><\/div><\/a>\n\t\t\t\t<div class=\"elementor-post__badge\">Destacadas<\/div>\n\t\t\t\t<div class=\"elementor-post__text\">\n\t\t\t\t<h3 class=\"elementor-post__title\">\n\t\t\t<a href=\"https:\/\/www.alcantara-alicante.cl\/alicante-rosal\/2025\/07\/21\/convenio-academia-after-class\/\" >\n\t\t\t\tConvenio Academia After Class\t\t\t<\/a>\n\t\t<\/h3>\n\t\t\t\t<div class=\"elementor-post__excerpt\">\n\t\t\t<p>Estimados padres y apoderados, Esperamos que se encuentren muy bien junto a sus familias. Nos complace informarles sobre una excelente<\/p>\n\t\t<\/div>\n\t\t\t\t\t<div class=\"elementor-post__read-more-wrapper\">\n\t\t\n\t\t<a class=\"elementor-post__read-more\" href=\"https:\/\/www.alcantara-alicante.cl\/alicante-rosal\/2025\/07\/21\/convenio-academia-after-class\/\" aria-label=\"M\u00e1s informaci\u00f3n sobre Convenio Academia After Class\" tabindex=\"-1\" >\n\t\t\tLeer m\u00e1s \u00bb\t\t<\/a>\n\n\t\t\t\t\t<\/div>\n\t\t\t\t<\/div>\n\t\t\t\t<div class=\"elementor-post__meta-data\">\n\t\t\t\t\t<span class=\"elementor-post-date\">\n\t\t\t21 de julio de 2025\t\t<\/span>\n\t\t\t\t<\/div>\n\t\t\t\t\t<\/div>\n\t\t<\/article>\n\t\t\t\t<article class=\"elementor-post elementor-grid-item post-392 post type-post status-publish format-standard has-post-thumbnail hentry category-destacadas category-noticias-parvulario\" role=\"listitem\">\n\t\t\t<div class=\"elementor-post__card\">\n\t\t\t\t<a class=\"elementor-post__thumbnail__link\" href=\"https:\/\/www.alcantara-alicante.cl\/alicante-rosal\/2024\/07\/22\/la-magia-visita-nuestro-preescolar\/\" tabindex=\"-1\" ><div class=\"elementor-post__thumbnail\"><img loading=\"lazy\" decoding=\"async\" width=\"300\" height=\"200\" src=\"https:\/\/www.alcantara-alicante.cl\/alicante-rosal\/wp-content\/uploads\/sites\/6\/2024\/07\/noticias_Ed.parvularia-copia-300x200.jpg\" class=\"attachment-medium size-medium wp-image-393\" alt=\"\" srcset=\"https:\/\/www.alcantara-alicante.cl\/alicante-rosal\/wp-content\/uploads\/sites\/6\/2024\/07\/noticias_Ed.parvularia-copia-300x200.jpg 300w, https:\/\/www.alcantara-alicante.cl\/alicante-rosal\/wp-content\/uploads\/sites\/6\/2024\/07\/noticias_Ed.parvularia-copia.jpg 500w\" sizes=\"(max-width: 300px) 100vw, 300px\" \/><\/div><\/a>\n\t\t\t\t<div class=\"elementor-post__badge\">Destacadas<\/div>\n\t\t\t\t<div class=\"elementor-post__text\">\n\t\t\t\t<h3 class=\"elementor-post__title\">\n\t\t\t<a href=\"https:\/\/www.alcantara-alicante.cl\/alicante-rosal\/2024\/07\/22\/la-magia-visita-nuestro-preescolar\/\" >\n\t\t\t\tLa magia visita nuestro preescolar\t\t\t<\/a>\n\t\t<\/h3>\n\t\t\t\t<div class=\"elementor-post__excerpt\">\n\t\t\t<p>Para nuestro \u00faltimo d\u00eda de clases del 1\u00b0 Semestre, decidimos celebrar con un d\u00eda entretenido para nuestros ni\u00f1os y ni\u00f1as.Es<\/p>\n\t\t<\/div>\n\t\t\t\t\t<div class=\"elementor-post__read-more-wrapper\">\n\t\t\n\t\t<a class=\"elementor-post__read-more\" href=\"https:\/\/www.alcantara-alicante.cl\/alicante-rosal\/2024\/07\/22\/la-magia-visita-nuestro-preescolar\/\" aria-label=\"M\u00e1s informaci\u00f3n sobre La magia visita nuestro preescolar\" tabindex=\"-1\" >\n\t\t\tLeer m\u00e1s \u00bb\t\t<\/a>\n\n\t\t\t\t\t<\/div>\n\t\t\t\t<\/div>\n\t\t\t\t<div class=\"elementor-post__meta-data\">\n\t\t\t\t\t<span class=\"elementor-post-date\">\n\t\t\t22 de julio de 2024\t\t<\/span>\n\t\t\t\t<\/div>\n\t\t\t\t\t<\/div>\n\t\t<\/article>\n\t\t\t\t<article class=\"elementor-post elementor-grid-item post-398 post type-post status-publish format-standard has-post-thumbnail hentry category-academicas category-destacadas category-noticias-parvulario\" role=\"listitem\">\n\t\t\t<div class=\"elementor-post__card\">\n\t\t\t\t<a class=\"elementor-post__thumbnail__link\" href=\"https:\/\/www.alcantara-alicante.cl\/alicante-rosal\/2024\/06\/18\/disertaciones-mes-del-mar\/\" tabindex=\"-1\" ><div class=\"elementor-post__thumbnail\"><img loading=\"lazy\" decoding=\"async\" width=\"300\" height=\"200\" src=\"https:\/\/www.alcantara-alicante.cl\/alicante-rosal\/wp-content\/uploads\/sites\/6\/2024\/06\/preescolar-alicante-del-Rosal0-1-300x200.jpeg\" class=\"attachment-medium size-medium wp-image-399\" alt=\"\" srcset=\"https:\/\/www.alcantara-alicante.cl\/alicante-rosal\/wp-content\/uploads\/sites\/6\/2024\/06\/preescolar-alicante-del-Rosal0-1-300x200.jpeg 300w, https:\/\/www.alcantara-alicante.cl\/alicante-rosal\/wp-content\/uploads\/sites\/6\/2024\/06\/preescolar-alicante-del-Rosal0-1.jpeg 500w\" sizes=\"(max-width: 300px) 100vw, 300px\" \/><\/div><\/a>\n\t\t\t\t<div class=\"elementor-post__badge\">Acad\u00e9micas<\/div>\n\t\t\t\t<div class=\"elementor-post__text\">\n\t\t\t\t<h3 class=\"elementor-post__title\">\n\t\t\t<a href=\"https:\/\/www.alcantara-alicante.cl\/alicante-rosal\/2024\/06\/18\/disertaciones-mes-del-mar\/\" >\n\t\t\t\tDisertaciones mes del mar\t\t\t<\/a>\n\t\t<\/h3>\n\t\t\t\t<div class=\"elementor-post__excerpt\">\n\t\t\t<p>En el Mes del Mar , los estudiantes de prek\u00ednder trabajaron en preparar\u00a0 disertaciones que ten\u00edan como objetivo conocer los<\/p>\n\t\t<\/div>\n\t\t\t\t\t<div class=\"elementor-post__read-more-wrapper\">\n\t\t\n\t\t<a class=\"elementor-post__read-more\" href=\"https:\/\/www.alcantara-alicante.cl\/alicante-rosal\/2024\/06\/18\/disertaciones-mes-del-mar\/\" aria-label=\"M\u00e1s informaci\u00f3n sobre Disertaciones mes del mar\" tabindex=\"-1\" >\n\t\t\tLeer m\u00e1s \u00bb\t\t<\/a>\n\n\t\t\t\t\t<\/div>\n\t\t\t\t<\/div>\n\t\t\t\t<div class=\"elementor-post__meta-data\">\n\t\t\t\t\t<span class=\"elementor-post-date\">\n\t\t\t18 de junio de 2024\t\t<\/span>\n\t\t\t\t<\/div>\n\t\t\t\t\t<\/div>\n\t\t<\/article>\n\t\t\t\t<article class=\"elementor-post elementor-grid-item post-421 post type-post status-publish format-standard has-post-thumbnail hentry category-destacadas category-noticias-parvulario\" role=\"listitem\">\n\t\t\t<div class=\"elementor-post__card\">\n\t\t\t\t<a class=\"elementor-post__thumbnail__link\" href=\"https:\/\/www.alcantara-alicante.cl\/alicante-rosal\/2024\/06\/18\/21-de-mayo-en-preescolar\/\" tabindex=\"-1\" ><div class=\"elementor-post__thumbnail\"><img loading=\"lazy\" decoding=\"async\" width=\"300\" height=\"200\" src=\"https:\/\/www.alcantara-alicante.cl\/alicante-rosal\/wp-content\/uploads\/sites\/6\/2024\/06\/preescolar-alicante-del-Rosal0-300x200.jpeg\" class=\"attachment-medium size-medium wp-image-422\" alt=\"\" srcset=\"https:\/\/www.alcantara-alicante.cl\/alicante-rosal\/wp-content\/uploads\/sites\/6\/2024\/06\/preescolar-alicante-del-Rosal0-300x200.jpeg 300w, https:\/\/www.alcantara-alicante.cl\/alicante-rosal\/wp-content\/uploads\/sites\/6\/2024\/06\/preescolar-alicante-del-Rosal0.jpeg 500w\" sizes=\"(max-width: 300px) 100vw, 300px\" \/><\/div><\/a>\n\t\t\t\t<div class=\"elementor-post__badge\">Destacadas<\/div>\n\t\t\t\t<div class=\"elementor-post__text\">\n\t\t\t\t<h3 class=\"elementor-post__title\">\n\t\t\t<a href=\"https:\/\/www.alcantara-alicante.cl\/alicante-rosal\/2024\/06\/18\/21-de-mayo-en-preescolar\/\" >\n\t\t\t\t21 de mayo en preescolar\t\t\t<\/a>\n\t\t<\/h3>\n\t\t\t\t<div class=\"elementor-post__excerpt\">\n\t\t\t<p>El 31 de mayo realizamos con los alumnos de Educaci\u00f3n Parvularia nuestro acto, en donde recordamos \u201cEl combate naval de<\/p>\n\t\t<\/div>\n\t\t\t\t\t<div class=\"elementor-post__read-more-wrapper\">\n\t\t\n\t\t<a class=\"elementor-post__read-more\" href=\"https:\/\/www.alcantara-alicante.cl\/alicante-rosal\/2024\/06\/18\/21-de-mayo-en-preescolar\/\" aria-label=\"M\u00e1s informaci\u00f3n sobre 21 de mayo en preescolar\" tabindex=\"-1\" >\n\t\t\tLeer m\u00e1s \u00bb\t\t<\/a>\n\n\t\t\t\t\t<\/div>\n\t\t\t\t<\/div>\n\t\t\t\t<div class=\"elementor-post__meta-data\">\n\t\t\t\t\t<span class=\"elementor-post-date\">\n\t\t\t18 de junio de 2024\t\t<\/span>\n\t\t\t\t<\/div>\n\t\t\t\t\t<\/div>\n\t\t<\/article>\n\t\t\t\t<\/div>\n\t\t\n\t\t\t\t\t\t<\/div>\n\t\t\t\t<\/div>\n\t\t\t\t<\/div>\n\t\t\t\t<\/div>\n\t\t","protected":false},"excerpt":{"rendered":"<p>NOTICIAS PREESCOLAR<\/p>\n","protected":false},"author":1,"featured_media":0,"parent":0,"menu_order":0,"comment_status":"closed","ping_status":"closed","template":"elementor_header_footer","meta":{"footnotes":""},"class_list":["post-1172","page","type-page","status-publish","hentry"],"aioseo_notices":[],"_links":{"self":[{"href":"https:\/\/www.alcantara-alicante.cl\/alicante-rosal\/wp-json\/wp\/v2\/pages\/1172","targetHints":{"allow":["GET"]}}],"collection":[{"href":"https:\/\/www.alcantara-alicante.cl\/alicante-rosal\/wp-json\/wp\/v2\/pages"}],"about":[{"href":"https:\/\/www.alcantara-alicante.cl\/alicante-rosal\/wp-json\/wp\/v2\/types\/page"}],"author":[{"embeddable":true,"href":"https:\/\/www.alcantara-alicante.cl\/alicante-rosal\/wp-json\/wp\/v2\/users\/1"}],"replies":[{"embeddable":true,"href":"https:\/\/www.alcantara-alicante.cl\/alicante-rosal\/wp-json\/wp\/v2\/comments?post=1172"}],"version-history":[{"count":0,"href":"https:\/\/www.alcantara-alicante.cl\/alicante-rosal\/wp-json\/wp\/v2\/pages\/1172\/revisions"}],"wp:attachment":[{"href":"https:\/\/www.alcantara-alicante.cl\/alicante-rosal\/wp-json\/wp\/v2\/media?parent=1172"}],"curies":[{"name":"wp","href":"https:\/\/api.w.org\/{rel}","templated":true}]}}