{"id":1440,"date":"2025-04-30T15:19:04","date_gmt":"2025-04-30T19:19:04","guid":{"rendered":"https:\/\/www.alcantara-alicante.cl\/alcantara-penalolen\/?page_id=1440"},"modified":"2025-04-30T15:19:44","modified_gmt":"2025-04-30T19:19:44","slug":"noticias-y-actividades-preescolar","status":"publish","type":"page","link":"https:\/\/www.alcantara-alicante.cl\/alcantara-penalolen\/noticias-y-actividades-preescolar\/","title":{"rendered":"Noticias y Actividades Preescolar"},"content":{"rendered":"\t\t<div data-elementor-type=\"wp-page\" data-elementor-id=\"1440\" class=\"elementor elementor-1440\" data-elementor-post-type=\"page\">\n\t\t\t\t<div class=\"elementor-element elementor-element-a847f1f e-con-full e-flex e-con e-parent\" data-id=\"a847f1f\" data-element_type=\"container\" data-e-type=\"container\" data-settings=\"{&quot;background_background&quot;:&quot;classic&quot;}\">\n\t\t\t\t<div class=\"elementor-element elementor-element-c0c941c elementor-widget elementor-widget-heading\" data-id=\"c0c941c\" data-element_type=\"widget\" data-e-type=\"widget\" data-widget_type=\"heading.default\">\n\t\t\t\t<div class=\"elementor-widget-container\">\n\t\t\t\t\t<h1 class=\"elementor-heading-title elementor-size-default\">NOTICIAS PREESCOLAR<\/h1>\t\t\t\t<\/div>\n\t\t\t\t<\/div>\n\t\t\t\t<\/div>\n\t\t<div class=\"elementor-element elementor-element-f847567 e-con-full e-flex e-con e-parent\" data-id=\"f847567\" data-element_type=\"container\" data-e-type=\"container\" data-settings=\"{&quot;background_background&quot;:&quot;classic&quot;}\">\n\t\t\t\t<div class=\"elementor-element elementor-element-27e1b1b elementor-grid-4 elementor-grid-tablet-2 elementor-grid-mobile-1 elementor-posts--thumbnail-top elementor-card-shadow-yes elementor-posts__hover-gradient elementor-widget elementor-widget-posts\" data-id=\"27e1b1b\" data-element_type=\"widget\" data-e-type=\"widget\" data-settings=\"{&quot;cards_columns&quot;:&quot;4&quot;,&quot;cards_row_gap&quot;:{&quot;unit&quot;:&quot;px&quot;,&quot;size&quot;:30,&quot;sizes&quot;:[]},&quot;cards_columns_tablet&quot;:&quot;2&quot;,&quot;cards_columns_mobile&quot;:&quot;1&quot;,&quot;cards_row_gap_tablet&quot;:{&quot;unit&quot;:&quot;px&quot;,&quot;size&quot;:&quot;&quot;,&quot;sizes&quot;:[]},&quot;cards_row_gap_mobile&quot;:{&quot;unit&quot;:&quot;px&quot;,&quot;size&quot;:&quot;&quot;,&quot;sizes&quot;:[]}}\" data-widget_type=\"posts.cards\">\n\t\t\t\t<div class=\"elementor-widget-container\">\n\t\t\t\t\t\t\t<div class=\"elementor-posts-container elementor-posts elementor-posts--skin-cards elementor-grid\" role=\"list\">\n\t\t\t\t<article class=\"elementor-post elementor-grid-item post-2893 post type-post status-publish format-standard has-post-thumbnail hentry category-destacadas category-noticias-parvulario\" role=\"listitem\">\n\t\t\t<div class=\"elementor-post__card\">\n\t\t\t\t<a class=\"elementor-post__thumbnail__link\" href=\"https:\/\/www.alcantara-alicante.cl\/alcantara-penalolen\/2025\/12\/22\/ceremonia-de-finalizacion-kinder-2025\/\" tabindex=\"-1\" ><div class=\"elementor-post__thumbnail\"><img fetchpriority=\"high\" decoding=\"async\" width=\"300\" height=\"200\" src=\"https:\/\/www.alcantara-alicante.cl\/alcantara-penalolen\/wp-content\/uploads\/sites\/4\/2025\/12\/colegio-alcantara-penalolen-kinder0-300x200.jpeg\" class=\"attachment-medium size-medium wp-image-2894\" alt=\"\" srcset=\"https:\/\/www.alcantara-alicante.cl\/alcantara-penalolen\/wp-content\/uploads\/sites\/4\/2025\/12\/colegio-alcantara-penalolen-kinder0-300x200.jpeg 300w, https:\/\/www.alcantara-alicante.cl\/alcantara-penalolen\/wp-content\/uploads\/sites\/4\/2025\/12\/colegio-alcantara-penalolen-kinder0.jpeg 500w\" sizes=\"(max-width: 300px) 100vw, 300px\" \/><\/div><\/a>\n\t\t\t\t<div class=\"elementor-post__badge\">Destacadas<\/div>\n\t\t\t\t<div class=\"elementor-post__text\">\n\t\t\t\t<h3 class=\"elementor-post__title\">\n\t\t\t<a href=\"https:\/\/www.alcantara-alicante.cl\/alcantara-penalolen\/2025\/12\/22\/ceremonia-de-finalizacion-kinder-2025\/\" >\n\t\t\t\tCeremonia de finalizaci\u00f3n K\u00ednder 2025\t\t\t<\/a>\n\t\t<\/h3>\n\t\t\t\t<div class=\"elementor-post__excerpt\">\n\t\t\t<p>Nuestros ni\u00f1os y ni\u00f1as del nivel de K\u00ednder cierran una etapa llena de descubrimientos, juegos, aprendizajes y primeras amistades. Con<\/p>\n\t\t<\/div>\n\t\t\t\t\t<div class=\"elementor-post__read-more-wrapper\">\n\t\t\n\t\t<a class=\"elementor-post__read-more\" href=\"https:\/\/www.alcantara-alicante.cl\/alcantara-penalolen\/2025\/12\/22\/ceremonia-de-finalizacion-kinder-2025\/\" aria-label=\"M\u00e1s informaci\u00f3n sobre Ceremonia de finalizaci\u00f3n K\u00ednder 2025\" tabindex=\"-1\" >\n\t\t\tLeer m\u00e1s \u00bb\t\t<\/a>\n\n\t\t\t\t\t<\/div>\n\t\t\t\t<\/div>\n\t\t\t\t<div class=\"elementor-post__meta-data\">\n\t\t\t\t\t<span class=\"elementor-post-date\">\n\t\t\t22 de diciembre de 2025\t\t<\/span>\n\t\t\t\t<\/div>\n\t\t\t\t\t<\/div>\n\t\t<\/article>\n\t\t\t\t<article class=\"elementor-post elementor-grid-item post-2821 post type-post status-publish format-standard has-post-thumbnail hentry category-destacadas category-noticias-parvulario\" role=\"listitem\">\n\t\t\t<div class=\"elementor-post__card\">\n\t\t\t\t<a class=\"elementor-post__thumbnail__link\" href=\"https:\/\/www.alcantara-alicante.cl\/alcantara-penalolen\/2025\/11\/21\/preparandonos-para-1basico\/\" tabindex=\"-1\" ><div class=\"elementor-post__thumbnail\"><img decoding=\"async\" width=\"300\" height=\"200\" src=\"https:\/\/www.alcantara-alicante.cl\/alcantara-penalolen\/wp-content\/uploads\/sites\/4\/2025\/11\/colegio-alcantara-penalolen1-300x200.jpeg\" class=\"attachment-medium size-medium wp-image-2822\" alt=\"\" srcset=\"https:\/\/www.alcantara-alicante.cl\/alcantara-penalolen\/wp-content\/uploads\/sites\/4\/2025\/11\/colegio-alcantara-penalolen1-300x200.jpeg 300w, https:\/\/www.alcantara-alicante.cl\/alcantara-penalolen\/wp-content\/uploads\/sites\/4\/2025\/11\/colegio-alcantara-penalolen1.jpeg 500w\" sizes=\"(max-width: 300px) 100vw, 300px\" \/><\/div><\/a>\n\t\t\t\t<div class=\"elementor-post__badge\">Destacadas<\/div>\n\t\t\t\t<div class=\"elementor-post__text\">\n\t\t\t\t<h3 class=\"elementor-post__title\">\n\t\t\t<a href=\"https:\/\/www.alcantara-alicante.cl\/alcantara-penalolen\/2025\/11\/21\/preparandonos-para-1basico\/\" >\n\t\t\t\tPrepar\u00e1ndonos para 1\u00b0b\u00e1sico\t\t\t<\/a>\n\t\t<\/h3>\n\t\t\t\t<div class=\"elementor-post__excerpt\">\n\t\t\t<p>Los ni\u00f1os y ni\u00f1as de k\u00ednder realizan diferentes actividades de transici\u00f3n que les ayuda a desarrollar habilidades acad\u00e9micas, sociales y<\/p>\n\t\t<\/div>\n\t\t\t\t\t<div class=\"elementor-post__read-more-wrapper\">\n\t\t\n\t\t<a class=\"elementor-post__read-more\" href=\"https:\/\/www.alcantara-alicante.cl\/alcantara-penalolen\/2025\/11\/21\/preparandonos-para-1basico\/\" aria-label=\"M\u00e1s informaci\u00f3n sobre Prepar\u00e1ndonos para 1\u00b0b\u00e1sico\" tabindex=\"-1\" >\n\t\t\tLeer m\u00e1s \u00bb\t\t<\/a>\n\n\t\t\t\t\t<\/div>\n\t\t\t\t<\/div>\n\t\t\t\t<div class=\"elementor-post__meta-data\">\n\t\t\t\t\t<span class=\"elementor-post-date\">\n\t\t\t21 de noviembre de 2025\t\t<\/span>\n\t\t\t\t<\/div>\n\t\t\t\t\t<\/div>\n\t\t<\/article>\n\t\t\t\t<article class=\"elementor-post elementor-grid-item post-2795 post type-post status-publish format-standard has-post-thumbnail hentry category-destacadas category-noticias-parvulario\" role=\"listitem\">\n\t\t\t<div class=\"elementor-post__card\">\n\t\t\t\t<a class=\"elementor-post__thumbnail__link\" href=\"https:\/\/www.alcantara-alicante.cl\/alcantara-penalolen\/2025\/11\/17\/dia-de-la-ciencias-en-preescolar\/\" tabindex=\"-1\" ><div class=\"elementor-post__thumbnail\"><img decoding=\"async\" width=\"300\" height=\"200\" src=\"https:\/\/www.alcantara-alicante.cl\/alcantara-penalolen\/wp-content\/uploads\/sites\/4\/2025\/11\/Preescolar-Alcantara-Penalolen-0-300x200.jpeg\" class=\"attachment-medium size-medium wp-image-2796\" alt=\"\" srcset=\"https:\/\/www.alcantara-alicante.cl\/alcantara-penalolen\/wp-content\/uploads\/sites\/4\/2025\/11\/Preescolar-Alcantara-Penalolen-0-300x200.jpeg 300w, https:\/\/www.alcantara-alicante.cl\/alcantara-penalolen\/wp-content\/uploads\/sites\/4\/2025\/11\/Preescolar-Alcantara-Penalolen-0.jpeg 500w\" sizes=\"(max-width: 300px) 100vw, 300px\" \/><\/div><\/a>\n\t\t\t\t<div class=\"elementor-post__badge\">Destacadas<\/div>\n\t\t\t\t<div class=\"elementor-post__text\">\n\t\t\t\t<h3 class=\"elementor-post__title\">\n\t\t\t<a href=\"https:\/\/www.alcantara-alicante.cl\/alcantara-penalolen\/2025\/11\/17\/dia-de-la-ciencias-en-preescolar\/\" >\n\t\t\t\tD\u00eda de la Ciencias en preescolar\t\t\t<\/a>\n\t\t<\/h3>\n\t\t\t\t<div class=\"elementor-post__excerpt\">\n\t\t\t<p>Nuestras ni\u00f1as y ni\u00f1os se transformaron en peque\u00f1os cient\u00edficos: observaron, exploraron, hicieron preguntas y descubrieron que la ciencia est\u00e1 en<\/p>\n\t\t<\/div>\n\t\t\t\t\t<div class=\"elementor-post__read-more-wrapper\">\n\t\t\n\t\t<a class=\"elementor-post__read-more\" href=\"https:\/\/www.alcantara-alicante.cl\/alcantara-penalolen\/2025\/11\/17\/dia-de-la-ciencias-en-preescolar\/\" aria-label=\"M\u00e1s informaci\u00f3n sobre D\u00eda de la Ciencias en preescolar\" tabindex=\"-1\" >\n\t\t\tLeer m\u00e1s \u00bb\t\t<\/a>\n\n\t\t\t\t\t<\/div>\n\t\t\t\t<\/div>\n\t\t\t\t<div class=\"elementor-post__meta-data\">\n\t\t\t\t\t<span class=\"elementor-post-date\">\n\t\t\t17 de noviembre de 2025\t\t<\/span>\n\t\t\t\t<\/div>\n\t\t\t\t\t<\/div>\n\t\t<\/article>\n\t\t\t\t<article class=\"elementor-post elementor-grid-item post-2776 post type-post status-publish format-standard has-post-thumbnail hentry category-destacadas category-noticias-parvulario\" role=\"listitem\">\n\t\t\t<div class=\"elementor-post__card\">\n\t\t\t\t<a class=\"elementor-post__thumbnail__link\" href=\"https:\/\/www.alcantara-alicante.cl\/alcantara-penalolen\/2025\/11\/11\/elecciones-representantes-preescolar\/\" tabindex=\"-1\" ><div class=\"elementor-post__thumbnail\"><img loading=\"lazy\" decoding=\"async\" width=\"300\" height=\"200\" src=\"https:\/\/www.alcantara-alicante.cl\/alcantara-penalolen\/wp-content\/uploads\/sites\/4\/2025\/11\/colegio-alcantara-penalolen-elecciones0-300x200.jpeg\" class=\"attachment-medium size-medium wp-image-2777\" alt=\"\" srcset=\"https:\/\/www.alcantara-alicante.cl\/alcantara-penalolen\/wp-content\/uploads\/sites\/4\/2025\/11\/colegio-alcantara-penalolen-elecciones0-300x200.jpeg 300w, https:\/\/www.alcantara-alicante.cl\/alcantara-penalolen\/wp-content\/uploads\/sites\/4\/2025\/11\/colegio-alcantara-penalolen-elecciones0.jpeg 500w\" sizes=\"(max-width: 300px) 100vw, 300px\" \/><\/div><\/a>\n\t\t\t\t<div class=\"elementor-post__badge\">Destacadas<\/div>\n\t\t\t\t<div class=\"elementor-post__text\">\n\t\t\t\t<h3 class=\"elementor-post__title\">\n\t\t\t<a href=\"https:\/\/www.alcantara-alicante.cl\/alcantara-penalolen\/2025\/11\/11\/elecciones-representantes-preescolar\/\" >\n\t\t\t\tElecciones representantes preescolar\t\t\t<\/a>\n\t\t<\/h3>\n\t\t\t\t<div class=\"elementor-post__excerpt\">\n\t\t\t<p>La educaci\u00f3n c\u00edvica comienza desde preescolar, en esta etapa se sientan las bases para formar ciudadanos responsables, respetuosos y participativos.<\/p>\n\t\t<\/div>\n\t\t\t\t\t<div class=\"elementor-post__read-more-wrapper\">\n\t\t\n\t\t<a class=\"elementor-post__read-more\" href=\"https:\/\/www.alcantara-alicante.cl\/alcantara-penalolen\/2025\/11\/11\/elecciones-representantes-preescolar\/\" aria-label=\"M\u00e1s informaci\u00f3n sobre Elecciones representantes preescolar\" tabindex=\"-1\" >\n\t\t\tLeer m\u00e1s \u00bb\t\t<\/a>\n\n\t\t\t\t\t<\/div>\n\t\t\t\t<\/div>\n\t\t\t\t<div class=\"elementor-post__meta-data\">\n\t\t\t\t\t<span class=\"elementor-post-date\">\n\t\t\t11 de noviembre de 2025\t\t<\/span>\n\t\t\t\t<\/div>\n\t\t\t\t\t<\/div>\n\t\t<\/article>\n\t\t\t\t<article class=\"elementor-post elementor-grid-item post-2751 post type-post status-publish format-standard has-post-thumbnail hentry category-destacadas category-noticias-parvulario\" role=\"listitem\">\n\t\t\t<div class=\"elementor-post__card\">\n\t\t\t\t<a class=\"elementor-post__thumbnail__link\" href=\"https:\/\/www.alcantara-alicante.cl\/alcantara-penalolen\/2025\/11\/03\/celebramos-27-anos-juntos\/\" tabindex=\"-1\" ><div class=\"elementor-post__thumbnail\"><img loading=\"lazy\" decoding=\"async\" width=\"300\" height=\"200\" src=\"https:\/\/www.alcantara-alicante.cl\/alcantara-penalolen\/wp-content\/uploads\/sites\/4\/2025\/11\/alcantara-penalolen-preescolar-300x200.jpeg\" class=\"attachment-medium size-medium wp-image-2752\" alt=\"\" srcset=\"https:\/\/www.alcantara-alicante.cl\/alcantara-penalolen\/wp-content\/uploads\/sites\/4\/2025\/11\/alcantara-penalolen-preescolar-300x200.jpeg 300w, https:\/\/www.alcantara-alicante.cl\/alcantara-penalolen\/wp-content\/uploads\/sites\/4\/2025\/11\/alcantara-penalolen-preescolar.jpeg 500w\" sizes=\"(max-width: 300px) 100vw, 300px\" \/><\/div><\/a>\n\t\t\t\t<div class=\"elementor-post__badge\">Destacadas<\/div>\n\t\t\t\t<div class=\"elementor-post__text\">\n\t\t\t\t<h3 class=\"elementor-post__title\">\n\t\t\t<a href=\"https:\/\/www.alcantara-alicante.cl\/alcantara-penalolen\/2025\/11\/03\/celebramos-27-anos-juntos\/\" >\n\t\t\t\tCelebramos 27 a\u00f1os juntos\t\t\t<\/a>\n\t\t<\/h3>\n\t\t\t\t<div class=\"elementor-post__excerpt\">\n\t\t\t<p>El jueves 30 de octubre celebramos nuestro aniversario n\u00famero 27. Los ni\u00f1os y ni\u00f1as participaron junto a sus compa\u00f1eros y<\/p>\n\t\t<\/div>\n\t\t\t\t\t<div class=\"elementor-post__read-more-wrapper\">\n\t\t\n\t\t<a class=\"elementor-post__read-more\" href=\"https:\/\/www.alcantara-alicante.cl\/alcantara-penalolen\/2025\/11\/03\/celebramos-27-anos-juntos\/\" aria-label=\"M\u00e1s informaci\u00f3n sobre Celebramos 27 a\u00f1os juntos\" tabindex=\"-1\" >\n\t\t\tLeer m\u00e1s \u00bb\t\t<\/a>\n\n\t\t\t\t\t<\/div>\n\t\t\t\t<\/div>\n\t\t\t\t<div class=\"elementor-post__meta-data\">\n\t\t\t\t\t<span class=\"elementor-post-date\">\n\t\t\t3 de noviembre de 2025\t\t<\/span>\n\t\t\t\t<\/div>\n\t\t\t\t\t<\/div>\n\t\t<\/article>\n\t\t\t\t<article class=\"elementor-post elementor-grid-item post-2729 post type-post status-publish format-standard has-post-thumbnail hentry category-destacadas category-noticias-parvulario\" role=\"listitem\">\n\t\t\t<div class=\"elementor-post__card\">\n\t\t\t\t<a class=\"elementor-post__thumbnail__link\" href=\"https:\/\/www.alcantara-alicante.cl\/alcantara-penalolen\/2025\/10\/27\/despedida-de-preescolar-de-visitas-a-la-biblioteca\/\" tabindex=\"-1\" ><div class=\"elementor-post__thumbnail\"><img loading=\"lazy\" decoding=\"async\" width=\"300\" height=\"200\" src=\"https:\/\/www.alcantara-alicante.cl\/alcantara-penalolen\/wp-content\/uploads\/sites\/4\/2025\/10\/Alcantara_penalolen_preescolar-biblioteca0-300x200.jpeg\" class=\"attachment-medium size-medium wp-image-2730\" alt=\"\" srcset=\"https:\/\/www.alcantara-alicante.cl\/alcantara-penalolen\/wp-content\/uploads\/sites\/4\/2025\/10\/Alcantara_penalolen_preescolar-biblioteca0-300x200.jpeg 300w, https:\/\/www.alcantara-alicante.cl\/alcantara-penalolen\/wp-content\/uploads\/sites\/4\/2025\/10\/Alcantara_penalolen_preescolar-biblioteca0.jpeg 500w\" sizes=\"(max-width: 300px) 100vw, 300px\" \/><\/div><\/a>\n\t\t\t\t<div class=\"elementor-post__badge\">Destacadas<\/div>\n\t\t\t\t<div class=\"elementor-post__text\">\n\t\t\t\t<h3 class=\"elementor-post__title\">\n\t\t\t<a href=\"https:\/\/www.alcantara-alicante.cl\/alcantara-penalolen\/2025\/10\/27\/despedida-de-preescolar-de-visitas-a-la-biblioteca\/\" >\n\t\t\t\tDespedida de preescolar de visitas a la biblioteca\t\t\t<\/a>\n\t\t<\/h3>\n\t\t\t\t<div class=\"elementor-post__excerpt\">\n\t\t\t<p>Este viernes 24 de octubre,\u00a0 el nivel Preescolar realiz\u00f3 la actividad de cierre del ciclo de visitas a la biblioteca<\/p>\n\t\t<\/div>\n\t\t\t\t\t<div class=\"elementor-post__read-more-wrapper\">\n\t\t\n\t\t<a class=\"elementor-post__read-more\" href=\"https:\/\/www.alcantara-alicante.cl\/alcantara-penalolen\/2025\/10\/27\/despedida-de-preescolar-de-visitas-a-la-biblioteca\/\" aria-label=\"M\u00e1s informaci\u00f3n sobre Despedida de preescolar de visitas a la biblioteca\" tabindex=\"-1\" >\n\t\t\tLeer m\u00e1s \u00bb\t\t<\/a>\n\n\t\t\t\t\t<\/div>\n\t\t\t\t<\/div>\n\t\t\t\t<div class=\"elementor-post__meta-data\">\n\t\t\t\t\t<span class=\"elementor-post-date\">\n\t\t\t27 de octubre de 2025\t\t<\/span>\n\t\t\t\t<\/div>\n\t\t\t\t\t<\/div>\n\t\t<\/article>\n\t\t\t\t<article class=\"elementor-post elementor-grid-item post-2699 post type-post status-publish format-standard has-post-thumbnail hentry category-destacadas category-noticias-parvulario\" role=\"listitem\">\n\t\t\t<div class=\"elementor-post__card\">\n\t\t\t\t<a class=\"elementor-post__thumbnail__link\" href=\"https:\/\/www.alcantara-alicante.cl\/alcantara-penalolen\/2025\/10\/21\/despedida-de-iv-medios-en-preescolar\/\" tabindex=\"-1\" ><div class=\"elementor-post__thumbnail\"><img loading=\"lazy\" decoding=\"async\" width=\"300\" height=\"225\" src=\"https:\/\/www.alcantara-alicante.cl\/alcantara-penalolen\/wp-content\/uploads\/sites\/4\/2025\/10\/colegio-alcantara-penalolen_preescolar15-300x225.jpeg\" class=\"attachment-medium size-medium wp-image-2700\" alt=\"\" srcset=\"https:\/\/www.alcantara-alicante.cl\/alcantara-penalolen\/wp-content\/uploads\/sites\/4\/2025\/10\/colegio-alcantara-penalolen_preescolar15-300x225.jpeg 300w, https:\/\/www.alcantara-alicante.cl\/alcantara-penalolen\/wp-content\/uploads\/sites\/4\/2025\/10\/colegio-alcantara-penalolen_preescolar15.jpeg 600w\" sizes=\"(max-width: 300px) 100vw, 300px\" \/><\/div><\/a>\n\t\t\t\t<div class=\"elementor-post__badge\">Destacadas<\/div>\n\t\t\t\t<div class=\"elementor-post__text\">\n\t\t\t\t<h3 class=\"elementor-post__title\">\n\t\t\t<a href=\"https:\/\/www.alcantara-alicante.cl\/alcantara-penalolen\/2025\/10\/21\/despedida-de-iv-medios-en-preescolar\/\" >\n\t\t\t\tDespedida de IV medios en preescolar\t\t\t<\/a>\n\t\t<\/h3>\n\t\t\t\t<div class=\"elementor-post__excerpt\">\n\t\t\t<p>Esta actividad llena de emoci\u00f3n y entusiasmo, consisti\u00f3 en preparar diferentes actividades para despedir a los ni\u00f1os del ciclo inicial,<\/p>\n\t\t<\/div>\n\t\t\t\t\t<div class=\"elementor-post__read-more-wrapper\">\n\t\t\n\t\t<a class=\"elementor-post__read-more\" href=\"https:\/\/www.alcantara-alicante.cl\/alcantara-penalolen\/2025\/10\/21\/despedida-de-iv-medios-en-preescolar\/\" aria-label=\"M\u00e1s informaci\u00f3n sobre Despedida de IV medios en preescolar\" tabindex=\"-1\" >\n\t\t\tLeer m\u00e1s \u00bb\t\t<\/a>\n\n\t\t\t\t\t<\/div>\n\t\t\t\t<\/div>\n\t\t\t\t<div class=\"elementor-post__meta-data\">\n\t\t\t\t\t<span class=\"elementor-post-date\">\n\t\t\t21 de octubre de 2025\t\t<\/span>\n\t\t\t\t<\/div>\n\t\t\t\t\t<\/div>\n\t\t<\/article>\n\t\t\t\t<article class=\"elementor-post elementor-grid-item post-2650 post type-post status-publish format-standard has-post-thumbnail hentry category-destacadas category-noticias-parvulario\" role=\"listitem\">\n\t\t\t<div class=\"elementor-post__card\">\n\t\t\t\t<a class=\"elementor-post__thumbnail__link\" href=\"https:\/\/www.alcantara-alicante.cl\/alcantara-penalolen\/2025\/10\/13\/carnaval-de-primavera-2\/\" tabindex=\"-1\" ><div class=\"elementor-post__thumbnail\"><img loading=\"lazy\" decoding=\"async\" width=\"300\" height=\"200\" src=\"https:\/\/www.alcantara-alicante.cl\/alcantara-penalolen\/wp-content\/uploads\/sites\/4\/2025\/10\/preescolar-alcantara-de-penalolen-300x200.jpeg\" class=\"attachment-medium size-medium wp-image-2651\" alt=\"\" srcset=\"https:\/\/www.alcantara-alicante.cl\/alcantara-penalolen\/wp-content\/uploads\/sites\/4\/2025\/10\/preescolar-alcantara-de-penalolen-300x200.jpeg 300w, https:\/\/www.alcantara-alicante.cl\/alcantara-penalolen\/wp-content\/uploads\/sites\/4\/2025\/10\/preescolar-alcantara-de-penalolen.jpeg 500w\" sizes=\"(max-width: 300px) 100vw, 300px\" \/><\/div><\/a>\n\t\t\t\t<div class=\"elementor-post__badge\">Destacadas<\/div>\n\t\t\t\t<div class=\"elementor-post__text\">\n\t\t\t\t<h3 class=\"elementor-post__title\">\n\t\t\t<a href=\"https:\/\/www.alcantara-alicante.cl\/alcantara-penalolen\/2025\/10\/13\/carnaval-de-primavera-2\/\" >\n\t\t\t\tCarnaval de primavera\t\t\t<\/a>\n\t\t<\/h3>\n\t\t\t\t<div class=\"elementor-post__excerpt\">\n\t\t\t<p>Cada a\u00f1o recibimos a la primavera con mucha alegr\u00eda y entusiasmo. Decoramos nuestro sector, cosechamos nuestro huerto, nos disfrazamos y<\/p>\n\t\t<\/div>\n\t\t\t\t\t<div class=\"elementor-post__read-more-wrapper\">\n\t\t\n\t\t<a class=\"elementor-post__read-more\" href=\"https:\/\/www.alcantara-alicante.cl\/alcantara-penalolen\/2025\/10\/13\/carnaval-de-primavera-2\/\" aria-label=\"M\u00e1s informaci\u00f3n sobre Carnaval de primavera\" tabindex=\"-1\" >\n\t\t\tLeer m\u00e1s \u00bb\t\t<\/a>\n\n\t\t\t\t\t<\/div>\n\t\t\t\t<\/div>\n\t\t\t\t<div class=\"elementor-post__meta-data\">\n\t\t\t\t\t<span class=\"elementor-post-date\">\n\t\t\t13 de octubre de 2025\t\t<\/span>\n\t\t\t\t<\/div>\n\t\t\t\t\t<\/div>\n\t\t<\/article>\n\t\t\t\t<article class=\"elementor-post elementor-grid-item post-2625 post type-post status-publish format-standard has-post-thumbnail hentry category-destacadas category-noticias-parvulario\" role=\"listitem\">\n\t\t\t<div class=\"elementor-post__card\">\n\t\t\t\t<a class=\"elementor-post__thumbnail__link\" href=\"https:\/\/www.alcantara-alicante.cl\/alcantara-penalolen\/2025\/10\/09\/preparando-el-carnaval-de-primavera\/\" tabindex=\"-1\" ><div class=\"elementor-post__thumbnail\"><img loading=\"lazy\" decoding=\"async\" width=\"300\" height=\"200\" src=\"https:\/\/www.alcantara-alicante.cl\/alcantara-penalolen\/wp-content\/uploads\/sites\/4\/2025\/10\/Preescolar-Colegio-Alcantara-Penalolen-300x200.jpeg\" class=\"attachment-medium size-medium wp-image-2626\" alt=\"\" srcset=\"https:\/\/www.alcantara-alicante.cl\/alcantara-penalolen\/wp-content\/uploads\/sites\/4\/2025\/10\/Preescolar-Colegio-Alcantara-Penalolen-300x200.jpeg 300w, https:\/\/www.alcantara-alicante.cl\/alcantara-penalolen\/wp-content\/uploads\/sites\/4\/2025\/10\/Preescolar-Colegio-Alcantara-Penalolen.jpeg 500w\" sizes=\"(max-width: 300px) 100vw, 300px\" \/><\/div><\/a>\n\t\t\t\t<div class=\"elementor-post__badge\">Destacadas<\/div>\n\t\t\t\t<div class=\"elementor-post__text\">\n\t\t\t\t<h3 class=\"elementor-post__title\">\n\t\t\t<a href=\"https:\/\/www.alcantara-alicante.cl\/alcantara-penalolen\/2025\/10\/09\/preparando-el-carnaval-de-primavera\/\" >\n\t\t\t\tPreparando el carnaval de primavera\t\t\t<\/a>\n\t\t<\/h3>\n\t\t\t\t<div class=\"elementor-post__excerpt\">\n\t\t\t<p>En esta \u00e9poca del a\u00f1o, colorida y llena de bichitos e insectos, esperamos la celebraci\u00f3n de nuestro carnaval de primavera<\/p>\n\t\t<\/div>\n\t\t\t\t\t<div class=\"elementor-post__read-more-wrapper\">\n\t\t\n\t\t<a class=\"elementor-post__read-more\" href=\"https:\/\/www.alcantara-alicante.cl\/alcantara-penalolen\/2025\/10\/09\/preparando-el-carnaval-de-primavera\/\" aria-label=\"M\u00e1s informaci\u00f3n sobre Preparando el carnaval de primavera\" tabindex=\"-1\" >\n\t\t\tLeer m\u00e1s \u00bb\t\t<\/a>\n\n\t\t\t\t\t<\/div>\n\t\t\t\t<\/div>\n\t\t\t\t<div class=\"elementor-post__meta-data\">\n\t\t\t\t\t<span class=\"elementor-post-date\">\n\t\t\t9 de octubre de 2025\t\t<\/span>\n\t\t\t\t<\/div>\n\t\t\t\t\t<\/div>\n\t\t<\/article>\n\t\t\t\t<article class=\"elementor-post elementor-grid-item post-2581 post type-post status-publish format-standard has-post-thumbnail hentry category-destacadas category-noticias-parvulario\" role=\"listitem\">\n\t\t\t<div class=\"elementor-post__card\">\n\t\t\t\t<a class=\"elementor-post__thumbnail__link\" href=\"https:\/\/www.alcantara-alicante.cl\/alcantara-penalolen\/2025\/09\/29\/cosechando-el-huerto\/\" tabindex=\"-1\" ><div class=\"elementor-post__thumbnail\"><img loading=\"lazy\" decoding=\"async\" width=\"300\" height=\"200\" src=\"https:\/\/www.alcantara-alicante.cl\/alcantara-penalolen\/wp-content\/uploads\/sites\/4\/2025\/09\/Cosechando-el-huerto_alcantara-penalolen0-300x200.jpeg\" class=\"attachment-medium size-medium wp-image-2582\" alt=\"\" srcset=\"https:\/\/www.alcantara-alicante.cl\/alcantara-penalolen\/wp-content\/uploads\/sites\/4\/2025\/09\/Cosechando-el-huerto_alcantara-penalolen0-300x200.jpeg 300w, https:\/\/www.alcantara-alicante.cl\/alcantara-penalolen\/wp-content\/uploads\/sites\/4\/2025\/09\/Cosechando-el-huerto_alcantara-penalolen0.jpeg 500w\" sizes=\"(max-width: 300px) 100vw, 300px\" \/><\/div><\/a>\n\t\t\t\t<div class=\"elementor-post__badge\">Destacadas<\/div>\n\t\t\t\t<div class=\"elementor-post__text\">\n\t\t\t\t<h3 class=\"elementor-post__title\">\n\t\t\t<a href=\"https:\/\/www.alcantara-alicante.cl\/alcantara-penalolen\/2025\/09\/29\/cosechando-el-huerto\/\" >\n\t\t\t\tCosechando el huerto\t\t\t<\/a>\n\t\t<\/h3>\n\t\t\t\t<div class=\"elementor-post__excerpt\">\n\t\t\t<p>Lleg\u00f3 la \u00e9poca de cosechar el huerto. Este a\u00f1o las lechugas, zanahorias, ciboulete y apio tuvieron un gran crecimiento. Despu\u00e9s<\/p>\n\t\t<\/div>\n\t\t\t\t\t<div class=\"elementor-post__read-more-wrapper\">\n\t\t\n\t\t<a class=\"elementor-post__read-more\" href=\"https:\/\/www.alcantara-alicante.cl\/alcantara-penalolen\/2025\/09\/29\/cosechando-el-huerto\/\" aria-label=\"M\u00e1s informaci\u00f3n sobre Cosechando el huerto\" tabindex=\"-1\" >\n\t\t\tLeer m\u00e1s \u00bb\t\t<\/a>\n\n\t\t\t\t\t<\/div>\n\t\t\t\t<\/div>\n\t\t\t\t<div class=\"elementor-post__meta-data\">\n\t\t\t\t\t<span class=\"elementor-post-date\">\n\t\t\t29 de septiembre de 2025\t\t<\/span>\n\t\t\t\t<\/div>\n\t\t\t\t\t<\/div>\n\t\t<\/article>\n\t\t\t\t<article class=\"elementor-post elementor-grid-item post-2533 post type-post status-publish format-standard has-post-thumbnail hentry category-destacadas category-noticias-parvulario\" role=\"listitem\">\n\t\t\t<div class=\"elementor-post__card\">\n\t\t\t\t<a class=\"elementor-post__thumbnail__link\" href=\"https:\/\/www.alcantara-alicante.cl\/alcantara-penalolen\/2025\/09\/23\/fonda-en-preescolar\/\" tabindex=\"-1\" ><div class=\"elementor-post__thumbnail\"><img loading=\"lazy\" decoding=\"async\" width=\"300\" height=\"200\" src=\"https:\/\/www.alcantara-alicante.cl\/alcantara-penalolen\/wp-content\/uploads\/sites\/4\/2025\/09\/Colegio-Alcantara-Penalolen_chilenidad-300x200.jpeg\" class=\"attachment-medium size-medium wp-image-2534\" alt=\"\" srcset=\"https:\/\/www.alcantara-alicante.cl\/alcantara-penalolen\/wp-content\/uploads\/sites\/4\/2025\/09\/Colegio-Alcantara-Penalolen_chilenidad-300x200.jpeg 300w, https:\/\/www.alcantara-alicante.cl\/alcantara-penalolen\/wp-content\/uploads\/sites\/4\/2025\/09\/Colegio-Alcantara-Penalolen_chilenidad.jpeg 500w\" sizes=\"(max-width: 300px) 100vw, 300px\" \/><\/div><\/a>\n\t\t\t\t<div class=\"elementor-post__badge\">Destacadas<\/div>\n\t\t\t\t<div class=\"elementor-post__text\">\n\t\t\t\t<h3 class=\"elementor-post__title\">\n\t\t\t<a href=\"https:\/\/www.alcantara-alicante.cl\/alcantara-penalolen\/2025\/09\/23\/fonda-en-preescolar\/\" >\n\t\t\t\tFonda en preescolar\t\t\t<\/a>\n\t\t<\/h3>\n\t\t\t\t<div class=\"elementor-post__excerpt\">\n\t\t\t<p>FONDA DE JUEGOS TRADICIONALES EN EL CICLO INICIAL El jueves 11 de septiembre se realiz\u00f3 nuestra fonda de juegos tradicionales,<\/p>\n\t\t<\/div>\n\t\t\t\t\t<div class=\"elementor-post__read-more-wrapper\">\n\t\t\n\t\t<a class=\"elementor-post__read-more\" href=\"https:\/\/www.alcantara-alicante.cl\/alcantara-penalolen\/2025\/09\/23\/fonda-en-preescolar\/\" aria-label=\"M\u00e1s informaci\u00f3n sobre Fonda en preescolar\" tabindex=\"-1\" >\n\t\t\tLeer m\u00e1s \u00bb\t\t<\/a>\n\n\t\t\t\t\t<\/div>\n\t\t\t\t<\/div>\n\t\t\t\t<div class=\"elementor-post__meta-data\">\n\t\t\t\t\t<span class=\"elementor-post-date\">\n\t\t\t23 de septiembre de 2025\t\t<\/span>\n\t\t\t\t<\/div>\n\t\t\t\t\t<\/div>\n\t\t<\/article>\n\t\t\t\t<article class=\"elementor-post elementor-grid-item post-2511 post type-post status-publish format-standard has-post-thumbnail hentry category-destacadas category-noticias-parvulario\" role=\"listitem\">\n\t\t\t<div class=\"elementor-post__card\">\n\t\t\t\t<a class=\"elementor-post__thumbnail__link\" href=\"https:\/\/www.alcantara-alicante.cl\/alcantara-penalolen\/2025\/09\/05\/ensayo-general-preescolar\/\" tabindex=\"-1\" ><div class=\"elementor-post__thumbnail\"><img loading=\"lazy\" decoding=\"async\" width=\"300\" height=\"200\" src=\"https:\/\/www.alcantara-alicante.cl\/alcantara-penalolen\/wp-content\/uploads\/sites\/4\/2025\/09\/chilenidad_-preescolar-300x200.jpg\" class=\"attachment-medium size-medium wp-image-2512\" alt=\"\" srcset=\"https:\/\/www.alcantara-alicante.cl\/alcantara-penalolen\/wp-content\/uploads\/sites\/4\/2025\/09\/chilenidad_-preescolar-300x200.jpg 300w, https:\/\/www.alcantara-alicante.cl\/alcantara-penalolen\/wp-content\/uploads\/sites\/4\/2025\/09\/chilenidad_-preescolar.jpg 500w\" sizes=\"(max-width: 300px) 100vw, 300px\" \/><\/div><\/a>\n\t\t\t\t<div class=\"elementor-post__badge\">Destacadas<\/div>\n\t\t\t\t<div class=\"elementor-post__text\">\n\t\t\t\t<h3 class=\"elementor-post__title\">\n\t\t\t<a href=\"https:\/\/www.alcantara-alicante.cl\/alcantara-penalolen\/2025\/09\/05\/ensayo-general-preescolar\/\" >\n\t\t\t\tEnsayo general preescolar\t\t\t<\/a>\n\t\t<\/h3>\n\t\t\t\t<div class=\"elementor-post__excerpt\">\n\t\t\t<p>El ciclo inicial se prepara para su presentaci\u00f3n tan esperada en nuestra fiesta de la chilenidad, este a\u00f1o 2025 el<\/p>\n\t\t<\/div>\n\t\t\t\t\t<div class=\"elementor-post__read-more-wrapper\">\n\t\t\n\t\t<a class=\"elementor-post__read-more\" href=\"https:\/\/www.alcantara-alicante.cl\/alcantara-penalolen\/2025\/09\/05\/ensayo-general-preescolar\/\" aria-label=\"M\u00e1s informaci\u00f3n sobre Ensayo general preescolar\" tabindex=\"-1\" >\n\t\t\tLeer m\u00e1s \u00bb\t\t<\/a>\n\n\t\t\t\t\t<\/div>\n\t\t\t\t<\/div>\n\t\t\t\t<div class=\"elementor-post__meta-data\">\n\t\t\t\t\t<span class=\"elementor-post-date\">\n\t\t\t5 de septiembre de 2025\t\t<\/span>\n\t\t\t\t<\/div>\n\t\t\t\t\t<\/div>\n\t\t<\/article>\n\t\t\t\t<article class=\"elementor-post elementor-grid-item post-2481 post type-post status-publish format-standard has-post-thumbnail hentry category-destacadas category-noticias-parvulario\" role=\"listitem\">\n\t\t\t<div class=\"elementor-post__card\">\n\t\t\t\t<a class=\"elementor-post__thumbnail__link\" href=\"https:\/\/www.alcantara-alicante.cl\/alcantara-penalolen\/2025\/08\/29\/aprendiendo-musica-en-preescolar\/\" tabindex=\"-1\" ><div class=\"elementor-post__thumbnail\"><img loading=\"lazy\" decoding=\"async\" width=\"300\" height=\"200\" src=\"https:\/\/www.alcantara-alicante.cl\/alcantara-penalolen\/wp-content\/uploads\/sites\/4\/2025\/08\/Colegio-Alcantara-Penalolen_musica_preescolar0-300x200.jpeg\" class=\"attachment-medium size-medium wp-image-2482\" alt=\"\" srcset=\"https:\/\/www.alcantara-alicante.cl\/alcantara-penalolen\/wp-content\/uploads\/sites\/4\/2025\/08\/Colegio-Alcantara-Penalolen_musica_preescolar0-300x200.jpeg 300w, https:\/\/www.alcantara-alicante.cl\/alcantara-penalolen\/wp-content\/uploads\/sites\/4\/2025\/08\/Colegio-Alcantara-Penalolen_musica_preescolar0.jpeg 500w\" sizes=\"(max-width: 300px) 100vw, 300px\" \/><\/div><\/a>\n\t\t\t\t<div class=\"elementor-post__badge\">Destacadas<\/div>\n\t\t\t\t<div class=\"elementor-post__text\">\n\t\t\t\t<h3 class=\"elementor-post__title\">\n\t\t\t<a href=\"https:\/\/www.alcantara-alicante.cl\/alcantara-penalolen\/2025\/08\/29\/aprendiendo-musica-en-preescolar\/\" >\n\t\t\t\tAprendiendo m\u00fasica en preescolar\t\t\t<\/a>\n\t\t<\/h3>\n\t\t\t\t<div class=\"elementor-post__excerpt\">\n\t\t\t<p>La m\u00fasica en el ciclo inicial no solamente se utiliza para el desarrollo integral de los ni\u00f1os y ni\u00f1as, sino<\/p>\n\t\t<\/div>\n\t\t\t\t\t<div class=\"elementor-post__read-more-wrapper\">\n\t\t\n\t\t<a class=\"elementor-post__read-more\" href=\"https:\/\/www.alcantara-alicante.cl\/alcantara-penalolen\/2025\/08\/29\/aprendiendo-musica-en-preescolar\/\" aria-label=\"M\u00e1s informaci\u00f3n sobre Aprendiendo m\u00fasica en preescolar\" tabindex=\"-1\" >\n\t\t\tLeer m\u00e1s \u00bb\t\t<\/a>\n\n\t\t\t\t\t<\/div>\n\t\t\t\t<\/div>\n\t\t\t\t<div class=\"elementor-post__meta-data\">\n\t\t\t\t\t<span class=\"elementor-post-date\">\n\t\t\t29 de agosto de 2025\t\t<\/span>\n\t\t\t\t<\/div>\n\t\t\t\t\t<\/div>\n\t\t<\/article>\n\t\t\t\t<article class=\"elementor-post elementor-grid-item post-2459 post type-post status-publish format-standard has-post-thumbnail hentry category-destacadas category-noticias-parvulario\" role=\"listitem\">\n\t\t\t<div class=\"elementor-post__card\">\n\t\t\t\t<a class=\"elementor-post__thumbnail__link\" href=\"https:\/\/www.alcantara-alicante.cl\/alcantara-penalolen\/2025\/08\/22\/descomposicion-de-numeros\/\" tabindex=\"-1\" ><div class=\"elementor-post__thumbnail\"><img loading=\"lazy\" decoding=\"async\" width=\"300\" height=\"200\" src=\"https:\/\/www.alcantara-alicante.cl\/alcantara-penalolen\/wp-content\/uploads\/sites\/4\/2025\/08\/matematicas_preescolar0-300x200.jpeg\" class=\"attachment-medium size-medium wp-image-2460\" alt=\"\" srcset=\"https:\/\/www.alcantara-alicante.cl\/alcantara-penalolen\/wp-content\/uploads\/sites\/4\/2025\/08\/matematicas_preescolar0-300x200.jpeg 300w, https:\/\/www.alcantara-alicante.cl\/alcantara-penalolen\/wp-content\/uploads\/sites\/4\/2025\/08\/matematicas_preescolar0.jpeg 500w\" sizes=\"(max-width: 300px) 100vw, 300px\" \/><\/div><\/a>\n\t\t\t\t<div class=\"elementor-post__badge\">Destacadas<\/div>\n\t\t\t\t<div class=\"elementor-post__text\">\n\t\t\t\t<h3 class=\"elementor-post__title\">\n\t\t\t<a href=\"https:\/\/www.alcantara-alicante.cl\/alcantara-penalolen\/2025\/08\/22\/descomposicion-de-numeros\/\" >\n\t\t\t\tDescomposici\u00f3n de n\u00fameros\t\t\t<\/a>\n\t\t<\/h3>\n\t\t\t\t<div class=\"elementor-post__excerpt\">\n\t\t\t<p>La descomposici\u00f3n num\u00e9rica le permite a los ni\u00f1os y ni\u00f1as explorar diferentes arreglos para un mismo n\u00famero. Utilizando diferentes materiales<\/p>\n\t\t<\/div>\n\t\t\t\t\t<div class=\"elementor-post__read-more-wrapper\">\n\t\t\n\t\t<a class=\"elementor-post__read-more\" href=\"https:\/\/www.alcantara-alicante.cl\/alcantara-penalolen\/2025\/08\/22\/descomposicion-de-numeros\/\" aria-label=\"M\u00e1s informaci\u00f3n sobre Descomposici\u00f3n de n\u00fameros\" tabindex=\"-1\" >\n\t\t\tLeer m\u00e1s \u00bb\t\t<\/a>\n\n\t\t\t\t\t<\/div>\n\t\t\t\t<\/div>\n\t\t\t\t<div class=\"elementor-post__meta-data\">\n\t\t\t\t\t<span class=\"elementor-post-date\">\n\t\t\t22 de agosto de 2025\t\t<\/span>\n\t\t\t\t<\/div>\n\t\t\t\t\t<\/div>\n\t\t<\/article>\n\t\t\t\t<article class=\"elementor-post elementor-grid-item post-2420 post type-post status-publish format-standard has-post-thumbnail hentry category-destacadas category-noticias-parvulario\" role=\"listitem\">\n\t\t\t<div class=\"elementor-post__card\">\n\t\t\t\t<a class=\"elementor-post__thumbnail__link\" href=\"https:\/\/www.alcantara-alicante.cl\/alcantara-penalolen\/2025\/08\/14\/haciendo-graficos\/\" tabindex=\"-1\" ><div class=\"elementor-post__thumbnail\"><img loading=\"lazy\" decoding=\"async\" width=\"300\" height=\"200\" src=\"https:\/\/www.alcantara-alicante.cl\/alcantara-penalolen\/wp-content\/uploads\/sites\/4\/2025\/08\/Colegio-Alcantara-Penalolen_-graficos-preescolar-300x200.jpeg\" class=\"attachment-medium size-medium wp-image-2421\" alt=\"\" srcset=\"https:\/\/www.alcantara-alicante.cl\/alcantara-penalolen\/wp-content\/uploads\/sites\/4\/2025\/08\/Colegio-Alcantara-Penalolen_-graficos-preescolar-300x200.jpeg 300w, https:\/\/www.alcantara-alicante.cl\/alcantara-penalolen\/wp-content\/uploads\/sites\/4\/2025\/08\/Colegio-Alcantara-Penalolen_-graficos-preescolar.jpeg 500w\" sizes=\"(max-width: 300px) 100vw, 300px\" \/><\/div><\/a>\n\t\t\t\t<div class=\"elementor-post__badge\">Destacadas<\/div>\n\t\t\t\t<div class=\"elementor-post__text\">\n\t\t\t\t<h3 class=\"elementor-post__title\">\n\t\t\t<a href=\"https:\/\/www.alcantara-alicante.cl\/alcantara-penalolen\/2025\/08\/14\/haciendo-graficos\/\" >\n\t\t\t\tHaciendo gr\u00e1ficos\t\t\t<\/a>\n\t\t<\/h3>\n\t\t\t\t<div class=\"elementor-post__excerpt\">\n\t\t\t<p>Los gr\u00e1ficos en el ciclo inicial son una herramienta para resolver problemas que ayudan a observar relaciones y hacer estimaciones,<\/p>\n\t\t<\/div>\n\t\t\t\t\t<div class=\"elementor-post__read-more-wrapper\">\n\t\t\n\t\t<a class=\"elementor-post__read-more\" href=\"https:\/\/www.alcantara-alicante.cl\/alcantara-penalolen\/2025\/08\/14\/haciendo-graficos\/\" aria-label=\"M\u00e1s informaci\u00f3n sobre Haciendo gr\u00e1ficos\" tabindex=\"-1\" >\n\t\t\tLeer m\u00e1s \u00bb\t\t<\/a>\n\n\t\t\t\t\t<\/div>\n\t\t\t\t<\/div>\n\t\t\t\t<div class=\"elementor-post__meta-data\">\n\t\t\t\t\t<span class=\"elementor-post-date\">\n\t\t\t14 de agosto de 2025\t\t<\/span>\n\t\t\t\t<\/div>\n\t\t\t\t\t<\/div>\n\t\t<\/article>\n\t\t\t\t<article class=\"elementor-post elementor-grid-item post-2312 post type-post status-publish format-standard has-post-thumbnail hentry category-destacadas category-noticias-parvulario\" role=\"listitem\">\n\t\t\t<div class=\"elementor-post__card\">\n\t\t\t\t<a class=\"elementor-post__thumbnail__link\" href=\"https:\/\/www.alcantara-alicante.cl\/alcantara-penalolen\/2025\/08\/11\/dia-de-juego\/\" tabindex=\"-1\" ><div class=\"elementor-post__thumbnail\"><img loading=\"lazy\" decoding=\"async\" width=\"300\" height=\"200\" src=\"https:\/\/www.alcantara-alicante.cl\/alcantara-penalolen\/wp-content\/uploads\/sites\/4\/2025\/08\/Colegio-Alcantara-Penalolen_preescolar0-300x200.jpeg\" class=\"attachment-medium size-medium wp-image-2313\" alt=\"\" srcset=\"https:\/\/www.alcantara-alicante.cl\/alcantara-penalolen\/wp-content\/uploads\/sites\/4\/2025\/08\/Colegio-Alcantara-Penalolen_preescolar0-300x200.jpeg 300w, https:\/\/www.alcantara-alicante.cl\/alcantara-penalolen\/wp-content\/uploads\/sites\/4\/2025\/08\/Colegio-Alcantara-Penalolen_preescolar0.jpeg 500w\" sizes=\"(max-width: 300px) 100vw, 300px\" \/><\/div><\/a>\n\t\t\t\t<div class=\"elementor-post__badge\">Destacadas<\/div>\n\t\t\t\t<div class=\"elementor-post__text\">\n\t\t\t\t<h3 class=\"elementor-post__title\">\n\t\t\t<a href=\"https:\/\/www.alcantara-alicante.cl\/alcantara-penalolen\/2025\/08\/11\/dia-de-juego\/\" >\n\t\t\t\tD\u00eda de juego\t\t\t<\/a>\n\t\t<\/h3>\n\t\t\t\t<div class=\"elementor-post__excerpt\">\n\t\t\t<p>En el Ciclo Inicial realizamos la segunda jornada de juego, uno de los principios fundamentales de la educaci\u00f3n Parvularia. El<\/p>\n\t\t<\/div>\n\t\t\t\t\t<div class=\"elementor-post__read-more-wrapper\">\n\t\t\n\t\t<a class=\"elementor-post__read-more\" href=\"https:\/\/www.alcantara-alicante.cl\/alcantara-penalolen\/2025\/08\/11\/dia-de-juego\/\" aria-label=\"M\u00e1s informaci\u00f3n sobre D\u00eda de juego\" tabindex=\"-1\" >\n\t\t\tLeer m\u00e1s \u00bb\t\t<\/a>\n\n\t\t\t\t\t<\/div>\n\t\t\t\t<\/div>\n\t\t\t\t<div class=\"elementor-post__meta-data\">\n\t\t\t\t\t<span class=\"elementor-post-date\">\n\t\t\t11 de agosto de 2025\t\t<\/span>\n\t\t\t\t<\/div>\n\t\t\t\t\t<\/div>\n\t\t<\/article>\n\t\t\t\t<article class=\"elementor-post elementor-grid-item post-2289 post type-post status-publish format-standard has-post-thumbnail hentry category-destacadas category-noticias-parvulario\" role=\"listitem\">\n\t\t\t<div class=\"elementor-post__card\">\n\t\t\t\t<a class=\"elementor-post__thumbnail__link\" href=\"https:\/\/www.alcantara-alicante.cl\/alcantara-penalolen\/2025\/08\/07\/jornada-en-preescolar\/\" tabindex=\"-1\" ><div class=\"elementor-post__thumbnail\"><img loading=\"lazy\" decoding=\"async\" width=\"300\" height=\"200\" src=\"https:\/\/www.alcantara-alicante.cl\/alcantara-penalolen\/wp-content\/uploads\/sites\/4\/2025\/08\/alcantara-penalolen_preescolar_jornadas0-300x200.jpeg\" class=\"attachment-medium size-medium wp-image-2290\" alt=\"\" srcset=\"https:\/\/www.alcantara-alicante.cl\/alcantara-penalolen\/wp-content\/uploads\/sites\/4\/2025\/08\/alcantara-penalolen_preescolar_jornadas0-300x200.jpeg 300w, https:\/\/www.alcantara-alicante.cl\/alcantara-penalolen\/wp-content\/uploads\/sites\/4\/2025\/08\/alcantara-penalolen_preescolar_jornadas0.jpeg 500w\" sizes=\"(max-width: 300px) 100vw, 300px\" \/><\/div><\/a>\n\t\t\t\t<div class=\"elementor-post__badge\">Destacadas<\/div>\n\t\t\t\t<div class=\"elementor-post__text\">\n\t\t\t\t<h3 class=\"elementor-post__title\">\n\t\t\t<a href=\"https:\/\/www.alcantara-alicante.cl\/alcantara-penalolen\/2025\/08\/07\/jornada-en-preescolar\/\" >\n\t\t\t\tJornada en preescolar\t\t\t<\/a>\n\t\t<\/h3>\n\t\t\t\t<div class=\"elementor-post__excerpt\">\n\t\t\t<p>JORNADA: PRESENTES CONTRA LA VIOLENCIA El d\u00eda mi\u00e9rcoles 30 de julio se realiz\u00f3 la jornada contra la violencia en los<\/p>\n\t\t<\/div>\n\t\t\t\t\t<div class=\"elementor-post__read-more-wrapper\">\n\t\t\n\t\t<a class=\"elementor-post__read-more\" href=\"https:\/\/www.alcantara-alicante.cl\/alcantara-penalolen\/2025\/08\/07\/jornada-en-preescolar\/\" aria-label=\"M\u00e1s informaci\u00f3n sobre Jornada en preescolar\" tabindex=\"-1\" >\n\t\t\tLeer m\u00e1s \u00bb\t\t<\/a>\n\n\t\t\t\t\t<\/div>\n\t\t\t\t<\/div>\n\t\t\t\t<div class=\"elementor-post__meta-data\">\n\t\t\t\t\t<span class=\"elementor-post-date\">\n\t\t\t7 de agosto de 2025\t\t<\/span>\n\t\t\t\t<\/div>\n\t\t\t\t\t<\/div>\n\t\t<\/article>\n\t\t\t\t<article class=\"elementor-post elementor-grid-item post-2197 post type-post status-publish format-standard has-post-thumbnail hentry category-destacadas category-noticias-parvulario\" role=\"listitem\">\n\t\t\t<div class=\"elementor-post__card\">\n\t\t\t\t<a class=\"elementor-post__thumbnail__link\" href=\"https:\/\/www.alcantara-alicante.cl\/alcantara-penalolen\/2025\/07\/29\/ensayos-de-evacuacion\/\" tabindex=\"-1\" ><div class=\"elementor-post__thumbnail\"><img loading=\"lazy\" decoding=\"async\" width=\"300\" height=\"200\" src=\"https:\/\/www.alcantara-alicante.cl\/alcantara-penalolen\/wp-content\/uploads\/sites\/4\/2025\/07\/preescolar-alcantara-de-penalolen_-ensayo-evacuacion0-300x200.jpeg\" class=\"attachment-medium size-medium wp-image-2198\" alt=\"\" srcset=\"https:\/\/www.alcantara-alicante.cl\/alcantara-penalolen\/wp-content\/uploads\/sites\/4\/2025\/07\/preescolar-alcantara-de-penalolen_-ensayo-evacuacion0-300x200.jpeg 300w, https:\/\/www.alcantara-alicante.cl\/alcantara-penalolen\/wp-content\/uploads\/sites\/4\/2025\/07\/preescolar-alcantara-de-penalolen_-ensayo-evacuacion0.jpeg 500w\" sizes=\"(max-width: 300px) 100vw, 300px\" \/><\/div><\/a>\n\t\t\t\t<div class=\"elementor-post__badge\">Destacadas<\/div>\n\t\t\t\t<div class=\"elementor-post__text\">\n\t\t\t\t<h3 class=\"elementor-post__title\">\n\t\t\t<a href=\"https:\/\/www.alcantara-alicante.cl\/alcantara-penalolen\/2025\/07\/29\/ensayos-de-evacuacion\/\" >\n\t\t\t\tEnsayos de Evacuaci\u00f3n\t\t\t<\/a>\n\t\t<\/h3>\n\t\t\t\t<div class=\"elementor-post__excerpt\">\n\t\t\t<p>El ciclo inicial para poder estar preparados ante cualquier evento s\u00edsmico, se prepara peri\u00f3dicamente ensayando la evacuaci\u00f3n a las zonas<\/p>\n\t\t<\/div>\n\t\t\t\t\t<div class=\"elementor-post__read-more-wrapper\">\n\t\t\n\t\t<a class=\"elementor-post__read-more\" href=\"https:\/\/www.alcantara-alicante.cl\/alcantara-penalolen\/2025\/07\/29\/ensayos-de-evacuacion\/\" aria-label=\"M\u00e1s informaci\u00f3n sobre Ensayos de Evacuaci\u00f3n\" tabindex=\"-1\" >\n\t\t\tLeer m\u00e1s \u00bb\t\t<\/a>\n\n\t\t\t\t\t<\/div>\n\t\t\t\t<\/div>\n\t\t\t\t<div class=\"elementor-post__meta-data\">\n\t\t\t\t\t<span class=\"elementor-post-date\">\n\t\t\t29 de julio de 2025\t\t<\/span>\n\t\t\t\t<\/div>\n\t\t\t\t\t<\/div>\n\t\t<\/article>\n\t\t\t\t<article class=\"elementor-post elementor-grid-item post-2150 post type-post status-publish format-standard has-post-thumbnail hentry category-destacadas category-noticias-parvulario\" role=\"listitem\">\n\t\t\t<div class=\"elementor-post__card\">\n\t\t\t\t<a class=\"elementor-post__thumbnail__link\" href=\"https:\/\/www.alcantara-alicante.cl\/alcantara-penalolen\/2025\/07\/21\/convenio-con-academia-after-class\/\" tabindex=\"-1\" ><div class=\"elementor-post__thumbnail\"><img loading=\"lazy\" decoding=\"async\" width=\"300\" height=\"200\" src=\"https:\/\/www.alcantara-alicante.cl\/alcantara-penalolen\/wp-content\/uploads\/sites\/4\/2025\/07\/Academia-After-class-300x200.png\" class=\"attachment-medium size-medium wp-image-2151\" alt=\"\" srcset=\"https:\/\/www.alcantara-alicante.cl\/alcantara-penalolen\/wp-content\/uploads\/sites\/4\/2025\/07\/Academia-After-class-300x200.png 300w, https:\/\/www.alcantara-alicante.cl\/alcantara-penalolen\/wp-content\/uploads\/sites\/4\/2025\/07\/Academia-After-class.png 500w\" sizes=\"(max-width: 300px) 100vw, 300px\" \/><\/div><\/a>\n\t\t\t\t<div class=\"elementor-post__badge\">Destacadas<\/div>\n\t\t\t\t<div class=\"elementor-post__text\">\n\t\t\t\t<h3 class=\"elementor-post__title\">\n\t\t\t<a href=\"https:\/\/www.alcantara-alicante.cl\/alcantara-penalolen\/2025\/07\/21\/convenio-con-academia-after-class\/\" >\n\t\t\t\tConvenio con Academia After Class\t\t\t<\/a>\n\t\t<\/h3>\n\t\t\t\t<div class=\"elementor-post__excerpt\">\n\t\t\t<p>Estimados padres y apoderados, Esperamos que se encuentren muy bien junto a sus familias. Nos complace informarles sobre una excelente<\/p>\n\t\t<\/div>\n\t\t\t\t\t<div class=\"elementor-post__read-more-wrapper\">\n\t\t\n\t\t<a class=\"elementor-post__read-more\" href=\"https:\/\/www.alcantara-alicante.cl\/alcantara-penalolen\/2025\/07\/21\/convenio-con-academia-after-class\/\" aria-label=\"M\u00e1s informaci\u00f3n sobre Convenio con Academia After Class\" tabindex=\"-1\" >\n\t\t\tLeer m\u00e1s \u00bb\t\t<\/a>\n\n\t\t\t\t\t<\/div>\n\t\t\t\t<\/div>\n\t\t\t\t<div class=\"elementor-post__meta-data\">\n\t\t\t\t\t<span class=\"elementor-post-date\">\n\t\t\t21 de julio de 2025\t\t<\/span>\n\t\t\t\t<\/div>\n\t\t\t\t\t<\/div>\n\t\t<\/article>\n\t\t\t\t<article class=\"elementor-post elementor-grid-item post-2107 post type-post status-publish format-standard has-post-thumbnail hentry category-destacadas category-noticias-parvulario\" role=\"listitem\">\n\t\t\t<div class=\"elementor-post__card\">\n\t\t\t\t<a class=\"elementor-post__thumbnail__link\" href=\"https:\/\/www.alcantara-alicante.cl\/alcantara-penalolen\/2025\/07\/18\/trabajando-en-el-huerto\/\" tabindex=\"-1\" ><div class=\"elementor-post__thumbnail\"><img loading=\"lazy\" decoding=\"async\" width=\"300\" height=\"200\" src=\"https:\/\/www.alcantara-alicante.cl\/alcantara-penalolen\/wp-content\/uploads\/sites\/4\/2025\/07\/colegio-alcantara-penalolen_preescolar-300x200.jpeg\" class=\"attachment-medium size-medium wp-image-2108\" alt=\"\" srcset=\"https:\/\/www.alcantara-alicante.cl\/alcantara-penalolen\/wp-content\/uploads\/sites\/4\/2025\/07\/colegio-alcantara-penalolen_preescolar-300x200.jpeg 300w, https:\/\/www.alcantara-alicante.cl\/alcantara-penalolen\/wp-content\/uploads\/sites\/4\/2025\/07\/colegio-alcantara-penalolen_preescolar.jpeg 500w\" sizes=\"(max-width: 300px) 100vw, 300px\" \/><\/div><\/a>\n\t\t\t\t<div class=\"elementor-post__badge\">Destacadas<\/div>\n\t\t\t\t<div class=\"elementor-post__text\">\n\t\t\t\t<h3 class=\"elementor-post__title\">\n\t\t\t<a href=\"https:\/\/www.alcantara-alicante.cl\/alcantara-penalolen\/2025\/07\/18\/trabajando-en-el-huerto\/\" >\n\t\t\t\tTrabajando en el huerto\t\t\t<\/a>\n\t\t<\/h3>\n\t\t\t\t<div class=\"elementor-post__excerpt\">\n\t\t\t<p>Una vez por semana los ni\u00f1os y ni\u00f1as del ciclo inicial trabajan en la mantenci\u00f3n de su huerto. Revisan los<\/p>\n\t\t<\/div>\n\t\t\t\t\t<div class=\"elementor-post__read-more-wrapper\">\n\t\t\n\t\t<a class=\"elementor-post__read-more\" href=\"https:\/\/www.alcantara-alicante.cl\/alcantara-penalolen\/2025\/07\/18\/trabajando-en-el-huerto\/\" aria-label=\"M\u00e1s informaci\u00f3n sobre Trabajando en el huerto\" tabindex=\"-1\" >\n\t\t\tLeer m\u00e1s \u00bb\t\t<\/a>\n\n\t\t\t\t\t<\/div>\n\t\t\t\t<\/div>\n\t\t\t\t<div class=\"elementor-post__meta-data\">\n\t\t\t\t\t<span class=\"elementor-post-date\">\n\t\t\t18 de julio de 2025\t\t<\/span>\n\t\t\t\t<\/div>\n\t\t\t\t\t<\/div>\n\t\t<\/article>\n\t\t\t\t<article class=\"elementor-post elementor-grid-item post-2127 post type-post status-publish format-standard has-post-thumbnail hentry category-destacadas category-noticias-parvulario\" role=\"listitem\">\n\t\t\t<div class=\"elementor-post__card\">\n\t\t\t\t<a class=\"elementor-post__thumbnail__link\" href=\"https:\/\/www.alcantara-alicante.cl\/alcantara-penalolen\/2025\/06\/19\/carnaval-de-invierno-2\/\" tabindex=\"-1\" ><div class=\"elementor-post__thumbnail\"><img loading=\"lazy\" decoding=\"async\" width=\"300\" height=\"200\" src=\"https:\/\/www.alcantara-alicante.cl\/alcantara-penalolen\/wp-content\/uploads\/sites\/4\/2025\/07\/alcantara-penalolen_preescolar-300x200.jpeg\" class=\"attachment-medium size-medium wp-image-2128\" alt=\"\" srcset=\"https:\/\/www.alcantara-alicante.cl\/alcantara-penalolen\/wp-content\/uploads\/sites\/4\/2025\/07\/alcantara-penalolen_preescolar-300x200.jpeg 300w, https:\/\/www.alcantara-alicante.cl\/alcantara-penalolen\/wp-content\/uploads\/sites\/4\/2025\/07\/alcantara-penalolen_preescolar.jpeg 500w\" sizes=\"(max-width: 300px) 100vw, 300px\" \/><\/div><\/a>\n\t\t\t\t<div class=\"elementor-post__badge\">Destacadas<\/div>\n\t\t\t\t<div class=\"elementor-post__text\">\n\t\t\t\t<h3 class=\"elementor-post__title\">\n\t\t\t<a href=\"https:\/\/www.alcantara-alicante.cl\/alcantara-penalolen\/2025\/06\/19\/carnaval-de-invierno-2\/\" >\n\t\t\t\tCarnaval de invierno\t\t\t<\/a>\n\t\t<\/h3>\n\t\t\t\t<div class=\"elementor-post__excerpt\">\n\t\t\t<p>Cada a\u00f1o el ciclo inicial recibe la estaci\u00f3n m\u00e1s fr\u00eda del a\u00f1o con un carnaval. El invierno es la estaci\u00f3n<\/p>\n\t\t<\/div>\n\t\t\t\t\t<div class=\"elementor-post__read-more-wrapper\">\n\t\t\n\t\t<a class=\"elementor-post__read-more\" href=\"https:\/\/www.alcantara-alicante.cl\/alcantara-penalolen\/2025\/06\/19\/carnaval-de-invierno-2\/\" aria-label=\"M\u00e1s informaci\u00f3n sobre Carnaval de invierno\" tabindex=\"-1\" >\n\t\t\tLeer m\u00e1s \u00bb\t\t<\/a>\n\n\t\t\t\t\t<\/div>\n\t\t\t\t<\/div>\n\t\t\t\t<div class=\"elementor-post__meta-data\">\n\t\t\t\t\t<span class=\"elementor-post-date\">\n\t\t\t19 de junio de 2025\t\t<\/span>\n\t\t\t\t<\/div>\n\t\t\t\t\t<\/div>\n\t\t<\/article>\n\t\t\t\t<article class=\"elementor-post elementor-grid-item post-2006 post type-post status-publish format-standard has-post-thumbnail hentry category-destacadas category-noticias-parvulario\" role=\"listitem\">\n\t\t\t<div class=\"elementor-post__card\">\n\t\t\t\t<a class=\"elementor-post__thumbnail__link\" href=\"https:\/\/www.alcantara-alicante.cl\/alcantara-penalolen\/2025\/06\/13\/disertaciones-en-prekinder\/\" tabindex=\"-1\" ><div class=\"elementor-post__thumbnail\"><img loading=\"lazy\" decoding=\"async\" width=\"300\" height=\"200\" src=\"https:\/\/www.alcantara-alicante.cl\/alcantara-penalolen\/wp-content\/uploads\/sites\/4\/2025\/06\/alcantara-penalolen-preescolar0-300x200.jpeg\" class=\"attachment-medium size-medium wp-image-2007\" alt=\"\" srcset=\"https:\/\/www.alcantara-alicante.cl\/alcantara-penalolen\/wp-content\/uploads\/sites\/4\/2025\/06\/alcantara-penalolen-preescolar0-300x200.jpeg 300w, https:\/\/www.alcantara-alicante.cl\/alcantara-penalolen\/wp-content\/uploads\/sites\/4\/2025\/06\/alcantara-penalolen-preescolar0.jpeg 500w\" sizes=\"(max-width: 300px) 100vw, 300px\" \/><\/div><\/a>\n\t\t\t\t<div class=\"elementor-post__badge\">Destacadas<\/div>\n\t\t\t\t<div class=\"elementor-post__text\">\n\t\t\t\t<h3 class=\"elementor-post__title\">\n\t\t\t<a href=\"https:\/\/www.alcantara-alicante.cl\/alcantara-penalolen\/2025\/06\/13\/disertaciones-en-prekinder\/\" >\n\t\t\t\tDisertaciones en Prek\u00ednder\t\t\t<\/a>\n\t\t<\/h3>\n\t\t\t\t<div class=\"elementor-post__excerpt\">\n\t\t\t<p>Los ni\u00f1os y ni\u00f1as de pre k\u00ednder iniciaron la primera presentaci\u00f3n de sus disertaciones. Algunos ni\u00f1os expondr\u00e1n sobre sus mascotas,<\/p>\n\t\t<\/div>\n\t\t\t\t\t<div class=\"elementor-post__read-more-wrapper\">\n\t\t\n\t\t<a class=\"elementor-post__read-more\" href=\"https:\/\/www.alcantara-alicante.cl\/alcantara-penalolen\/2025\/06\/13\/disertaciones-en-prekinder\/\" aria-label=\"M\u00e1s informaci\u00f3n sobre Disertaciones en Prek\u00ednder\" tabindex=\"-1\" >\n\t\t\tLeer m\u00e1s \u00bb\t\t<\/a>\n\n\t\t\t\t\t<\/div>\n\t\t\t\t<\/div>\n\t\t\t\t<div class=\"elementor-post__meta-data\">\n\t\t\t\t\t<span class=\"elementor-post-date\">\n\t\t\t13 de junio de 2025\t\t<\/span>\n\t\t\t\t<\/div>\n\t\t\t\t\t<\/div>\n\t\t<\/article>\n\t\t\t\t<article class=\"elementor-post elementor-grid-item post-1906 post type-post status-publish format-standard has-post-thumbnail hentry category-destacadas category-noticias-parvulario\" role=\"listitem\">\n\t\t\t<div class=\"elementor-post__card\">\n\t\t\t\t<a class=\"elementor-post__thumbnail__link\" href=\"https:\/\/www.alcantara-alicante.cl\/alcantara-penalolen\/2025\/06\/11\/salida-pedagogica-preescolar\/\" tabindex=\"-1\" ><div class=\"elementor-post__thumbnail\"><img loading=\"lazy\" decoding=\"async\" width=\"300\" height=\"200\" src=\"https:\/\/www.alcantara-alicante.cl\/alcantara-penalolen\/wp-content\/uploads\/sites\/4\/2025\/06\/colegio-alcantara-penalonen-preescolar-300x200.jpeg\" class=\"attachment-medium size-medium wp-image-1907\" alt=\"\" srcset=\"https:\/\/www.alcantara-alicante.cl\/alcantara-penalolen\/wp-content\/uploads\/sites\/4\/2025\/06\/colegio-alcantara-penalonen-preescolar-300x200.jpeg 300w, https:\/\/www.alcantara-alicante.cl\/alcantara-penalolen\/wp-content\/uploads\/sites\/4\/2025\/06\/colegio-alcantara-penalonen-preescolar.jpeg 500w\" sizes=\"(max-width: 300px) 100vw, 300px\" \/><\/div><\/a>\n\t\t\t\t<div class=\"elementor-post__badge\">Destacadas<\/div>\n\t\t\t\t<div class=\"elementor-post__text\">\n\t\t\t\t<h3 class=\"elementor-post__title\">\n\t\t\t<a href=\"https:\/\/www.alcantara-alicante.cl\/alcantara-penalolen\/2025\/06\/11\/salida-pedagogica-preescolar\/\" >\n\t\t\t\tSalida pedag\u00f3gica preescolar\t\t\t<\/a>\n\t\t<\/h3>\n\t\t\t\t<div class=\"elementor-post__excerpt\">\n\t\t\t<p>SALIDA PEDAG\u00d3GICA BARRIO C\u00cdVICO COMUNA DE PE\u00d1ALOL\u00c9N El ciclo inicial recorri\u00f3 el barrio c\u00edvico de la comuna de Pe\u00f1alol\u00e9n, el<\/p>\n\t\t<\/div>\n\t\t\t\t\t<div class=\"elementor-post__read-more-wrapper\">\n\t\t\n\t\t<a class=\"elementor-post__read-more\" href=\"https:\/\/www.alcantara-alicante.cl\/alcantara-penalolen\/2025\/06\/11\/salida-pedagogica-preescolar\/\" aria-label=\"M\u00e1s informaci\u00f3n sobre Salida pedag\u00f3gica preescolar\" tabindex=\"-1\" >\n\t\t\tLeer m\u00e1s \u00bb\t\t<\/a>\n\n\t\t\t\t\t<\/div>\n\t\t\t\t<\/div>\n\t\t\t\t<div class=\"elementor-post__meta-data\">\n\t\t\t\t\t<span class=\"elementor-post-date\">\n\t\t\t11 de junio de 2025\t\t<\/span>\n\t\t\t\t<\/div>\n\t\t\t\t\t<\/div>\n\t\t<\/article>\n\t\t\t\t<article class=\"elementor-post elementor-grid-item post-1837 post type-post status-publish format-standard has-post-thumbnail hentry category-destacadas category-noticias-parvulario\" role=\"listitem\">\n\t\t\t<div class=\"elementor-post__card\">\n\t\t\t\t<a class=\"elementor-post__thumbnail__link\" href=\"https:\/\/www.alcantara-alicante.cl\/alcantara-penalolen\/2025\/06\/03\/visita-a-museo-de-carabineros-de-chile\/\" tabindex=\"-1\" ><div class=\"elementor-post__thumbnail\"><img loading=\"lazy\" decoding=\"async\" width=\"300\" height=\"200\" src=\"https:\/\/www.alcantara-alicante.cl\/alcantara-penalolen\/wp-content\/uploads\/sites\/4\/2025\/06\/preescolar-Alcantara-Penalolen0-300x200.jpeg\" class=\"attachment-medium size-medium wp-image-1838\" alt=\"\" srcset=\"https:\/\/www.alcantara-alicante.cl\/alcantara-penalolen\/wp-content\/uploads\/sites\/4\/2025\/06\/preescolar-Alcantara-Penalolen0-300x200.jpeg 300w, https:\/\/www.alcantara-alicante.cl\/alcantara-penalolen\/wp-content\/uploads\/sites\/4\/2025\/06\/preescolar-Alcantara-Penalolen0.jpeg 500w\" sizes=\"(max-width: 300px) 100vw, 300px\" \/><\/div><\/a>\n\t\t\t\t<div class=\"elementor-post__badge\">Destacadas<\/div>\n\t\t\t\t<div class=\"elementor-post__text\">\n\t\t\t\t<h3 class=\"elementor-post__title\">\n\t\t\t<a href=\"https:\/\/www.alcantara-alicante.cl\/alcantara-penalolen\/2025\/06\/03\/visita-a-museo-de-carabineros-de-chile\/\" >\n\t\t\t\tVisita a Museo de Carabineros de Chile\t\t\t<\/a>\n\t\t<\/h3>\n\t\t\t\t<div class=\"elementor-post__excerpt\">\n\t\t\t<p>El ciclo inicial visito el museo de Carabineros de Chile, ubicado en la comuna de Providencia, con el objetivo de<\/p>\n\t\t<\/div>\n\t\t\t\t\t<div class=\"elementor-post__read-more-wrapper\">\n\t\t\n\t\t<a class=\"elementor-post__read-more\" href=\"https:\/\/www.alcantara-alicante.cl\/alcantara-penalolen\/2025\/06\/03\/visita-a-museo-de-carabineros-de-chile\/\" aria-label=\"M\u00e1s informaci\u00f3n sobre Visita a Museo de Carabineros de Chile\" tabindex=\"-1\" >\n\t\t\tLeer m\u00e1s \u00bb\t\t<\/a>\n\n\t\t\t\t\t<\/div>\n\t\t\t\t<\/div>\n\t\t\t\t<div class=\"elementor-post__meta-data\">\n\t\t\t\t\t<span class=\"elementor-post-date\">\n\t\t\t3 de junio de 2025\t\t<\/span>\n\t\t\t\t<\/div>\n\t\t\t\t\t<\/div>\n\t\t<\/article>\n\t\t\t\t<article class=\"elementor-post elementor-grid-item post-1813 post type-post status-publish format-standard has-post-thumbnail hentry category-noticias-parvulario\" role=\"listitem\">\n\t\t\t<div class=\"elementor-post__card\">\n\t\t\t\t<a class=\"elementor-post__thumbnail__link\" href=\"https:\/\/www.alcantara-alicante.cl\/alcantara-penalolen\/2025\/05\/30\/dia-de-estudiante-en-preescolar\/\" tabindex=\"-1\" ><div class=\"elementor-post__thumbnail\"><img loading=\"lazy\" decoding=\"async\" width=\"300\" height=\"200\" src=\"https:\/\/www.alcantara-alicante.cl\/alcantara-penalolen\/wp-content\/uploads\/sites\/4\/2025\/05\/Preescolar-Alcantara-Penalolen0-300x200.jpeg\" class=\"attachment-medium size-medium wp-image-1814\" alt=\"\" srcset=\"https:\/\/www.alcantara-alicante.cl\/alcantara-penalolen\/wp-content\/uploads\/sites\/4\/2025\/05\/Preescolar-Alcantara-Penalolen0-300x200.jpeg 300w, https:\/\/www.alcantara-alicante.cl\/alcantara-penalolen\/wp-content\/uploads\/sites\/4\/2025\/05\/Preescolar-Alcantara-Penalolen0.jpeg 500w\" sizes=\"(max-width: 300px) 100vw, 300px\" \/><\/div><\/a>\n\t\t\t\t<div class=\"elementor-post__badge\">Noticias Parvulario<\/div>\n\t\t\t\t<div class=\"elementor-post__text\">\n\t\t\t\t<h3 class=\"elementor-post__title\">\n\t\t\t<a href=\"https:\/\/www.alcantara-alicante.cl\/alcantara-penalolen\/2025\/05\/30\/dia-de-estudiante-en-preescolar\/\" >\n\t\t\t\tD\u00eda de estudiante en preescolar\t\t\t<\/a>\n\t\t<\/h3>\n\t\t\t\t<div class=\"elementor-post__excerpt\">\n\t\t\t<p>Este a\u00f1o celebramos nuestro d\u00eda del estudiante junto al final de trimestre y el \u00e9nfasis que tuvo dicha celebraci\u00f3n fue<\/p>\n\t\t<\/div>\n\t\t\t\t\t<div class=\"elementor-post__read-more-wrapper\">\n\t\t\n\t\t<a class=\"elementor-post__read-more\" href=\"https:\/\/www.alcantara-alicante.cl\/alcantara-penalolen\/2025\/05\/30\/dia-de-estudiante-en-preescolar\/\" aria-label=\"M\u00e1s informaci\u00f3n sobre D\u00eda de estudiante en preescolar\" tabindex=\"-1\" >\n\t\t\tLeer m\u00e1s \u00bb\t\t<\/a>\n\n\t\t\t\t\t<\/div>\n\t\t\t\t<\/div>\n\t\t\t\t<div class=\"elementor-post__meta-data\">\n\t\t\t\t\t<span class=\"elementor-post-date\">\n\t\t\t30 de mayo de 2025\t\t<\/span>\n\t\t\t\t<\/div>\n\t\t\t\t\t<\/div>\n\t\t<\/article>\n\t\t\t\t<article class=\"elementor-post elementor-grid-item post-382 post type-post status-publish format-standard has-post-thumbnail hentry category-destacadas category-noticias-parvulario\" role=\"listitem\">\n\t\t\t<div class=\"elementor-post__card\">\n\t\t\t\t<a class=\"elementor-post__thumbnail__link\" href=\"https:\/\/www.alcantara-alicante.cl\/alcantara-penalolen\/2024\/12\/11\/ceremonia-finalizacion-kinder-2024\/\" tabindex=\"-1\" ><div class=\"elementor-post__thumbnail\"><img loading=\"lazy\" decoding=\"async\" width=\"300\" height=\"200\" src=\"https:\/\/www.alcantara-alicante.cl\/alcantara-penalolen\/wp-content\/uploads\/sites\/4\/2024\/12\/destacado-300x200.jpeg\" class=\"attachment-medium size-medium wp-image-383\" alt=\"\" srcset=\"https:\/\/www.alcantara-alicante.cl\/alcantara-penalolen\/wp-content\/uploads\/sites\/4\/2024\/12\/destacado-300x200.jpeg 300w, https:\/\/www.alcantara-alicante.cl\/alcantara-penalolen\/wp-content\/uploads\/sites\/4\/2024\/12\/destacado.jpeg 500w\" sizes=\"(max-width: 300px) 100vw, 300px\" \/><\/div><\/a>\n\t\t\t\t<div class=\"elementor-post__badge\">Destacadas<\/div>\n\t\t\t\t<div class=\"elementor-post__text\">\n\t\t\t\t<h3 class=\"elementor-post__title\">\n\t\t\t<a href=\"https:\/\/www.alcantara-alicante.cl\/alcantara-penalolen\/2024\/12\/11\/ceremonia-finalizacion-kinder-2024\/\" >\n\t\t\t\tCeremonia finalizaci\u00f3n k\u00ednder 2024\t\t\t<\/a>\n\t\t<\/h3>\n\t\t\t\t<div class=\"elementor-post__excerpt\">\n\t\t\t<p>El d\u00eda jueves 5 de diciembre se realiz\u00f3 la ceremonia de finalizaci\u00f3n a\u00f1o 2024 de los k\u00ednder. Este a\u00f1o hubo<\/p>\n\t\t<\/div>\n\t\t\t\t\t<div class=\"elementor-post__read-more-wrapper\">\n\t\t\n\t\t<a class=\"elementor-post__read-more\" href=\"https:\/\/www.alcantara-alicante.cl\/alcantara-penalolen\/2024\/12\/11\/ceremonia-finalizacion-kinder-2024\/\" aria-label=\"M\u00e1s informaci\u00f3n sobre Ceremonia finalizaci\u00f3n k\u00ednder 2024\" tabindex=\"-1\" >\n\t\t\tLeer m\u00e1s \u00bb\t\t<\/a>\n\n\t\t\t\t\t<\/div>\n\t\t\t\t<\/div>\n\t\t\t\t<div class=\"elementor-post__meta-data\">\n\t\t\t\t\t<span class=\"elementor-post-date\">\n\t\t\t11 de diciembre de 2024\t\t<\/span>\n\t\t\t\t<\/div>\n\t\t\t\t\t<\/div>\n\t\t<\/article>\n\t\t\t\t<article class=\"elementor-post elementor-grid-item post-400 post type-post status-publish format-standard has-post-thumbnail hentry category-destacadas category-noticias-parvulario\" role=\"listitem\">\n\t\t\t<div class=\"elementor-post__card\">\n\t\t\t\t<a class=\"elementor-post__thumbnail__link\" href=\"https:\/\/www.alcantara-alicante.cl\/alcantara-penalolen\/2024\/12\/02\/cosechando-nuestro-huerto\/\" tabindex=\"-1\" ><div class=\"elementor-post__thumbnail\"><img loading=\"lazy\" decoding=\"async\" width=\"300\" height=\"200\" src=\"https:\/\/www.alcantara-alicante.cl\/alcantara-penalolen\/wp-content\/uploads\/sites\/4\/2024\/12\/destacado-300x200.jpg\" class=\"attachment-medium size-medium wp-image-401\" alt=\"\" srcset=\"https:\/\/www.alcantara-alicante.cl\/alcantara-penalolen\/wp-content\/uploads\/sites\/4\/2024\/12\/destacado-300x200.jpg 300w, https:\/\/www.alcantara-alicante.cl\/alcantara-penalolen\/wp-content\/uploads\/sites\/4\/2024\/12\/destacado.jpg 500w\" sizes=\"(max-width: 300px) 100vw, 300px\" \/><\/div><\/a>\n\t\t\t\t<div class=\"elementor-post__badge\">Destacadas<\/div>\n\t\t\t\t<div class=\"elementor-post__text\">\n\t\t\t\t<h3 class=\"elementor-post__title\">\n\t\t\t<a href=\"https:\/\/www.alcantara-alicante.cl\/alcantara-penalolen\/2024\/12\/02\/cosechando-nuestro-huerto\/\" >\n\t\t\t\tCosechando nuestro huerto\t\t\t<\/a>\n\t\t<\/h3>\n\t\t\t\t<div class=\"elementor-post__excerpt\">\n\t\t\t<p>Ya estamos pr\u00f3ximos a terminar el a\u00f1o y los ni\u00f1os y ni\u00f1as de preescolar cosecharon las hortalizas de nuestro huerto.<\/p>\n\t\t<\/div>\n\t\t\t\t\t<div class=\"elementor-post__read-more-wrapper\">\n\t\t\n\t\t<a class=\"elementor-post__read-more\" href=\"https:\/\/www.alcantara-alicante.cl\/alcantara-penalolen\/2024\/12\/02\/cosechando-nuestro-huerto\/\" aria-label=\"M\u00e1s informaci\u00f3n sobre Cosechando nuestro huerto\" tabindex=\"-1\" >\n\t\t\tLeer m\u00e1s \u00bb\t\t<\/a>\n\n\t\t\t\t\t<\/div>\n\t\t\t\t<\/div>\n\t\t\t\t<div class=\"elementor-post__meta-data\">\n\t\t\t\t\t<span class=\"elementor-post-date\">\n\t\t\t2 de diciembre de 2024\t\t<\/span>\n\t\t\t\t<\/div>\n\t\t\t\t\t<\/div>\n\t\t<\/article>\n\t\t\t\t<article class=\"elementor-post elementor-grid-item post-418 post type-post status-publish format-standard has-post-thumbnail hentry category-destacadas category-noticias-parvulario\" role=\"listitem\">\n\t\t\t<div class=\"elementor-post__card\">\n\t\t\t\t<a class=\"elementor-post__thumbnail__link\" href=\"https:\/\/www.alcantara-alicante.cl\/alcantara-penalolen\/2024\/11\/20\/preparando-galletas-navidenas\/\" tabindex=\"-1\" ><div class=\"elementor-post__thumbnail\"><img loading=\"lazy\" decoding=\"async\" width=\"300\" height=\"200\" src=\"https:\/\/www.alcantara-alicante.cl\/alcantara-penalolen\/wp-content\/uploads\/sites\/4\/2024\/11\/Destacado1-300x200.jpg\" class=\"attachment-medium size-medium wp-image-419\" alt=\"\" srcset=\"https:\/\/www.alcantara-alicante.cl\/alcantara-penalolen\/wp-content\/uploads\/sites\/4\/2024\/11\/Destacado1-300x200.jpg 300w, https:\/\/www.alcantara-alicante.cl\/alcantara-penalolen\/wp-content\/uploads\/sites\/4\/2024\/11\/Destacado1.jpg 500w\" sizes=\"(max-width: 300px) 100vw, 300px\" \/><\/div><\/a>\n\t\t\t\t<div class=\"elementor-post__badge\">Destacadas<\/div>\n\t\t\t\t<div class=\"elementor-post__text\">\n\t\t\t\t<h3 class=\"elementor-post__title\">\n\t\t\t<a href=\"https:\/\/www.alcantara-alicante.cl\/alcantara-penalolen\/2024\/11\/20\/preparando-galletas-navidenas\/\" >\n\t\t\t\tPreparando galletas navide\u00f1as\t\t\t<\/a>\n\t\t<\/h3>\n\t\t\t\t<div class=\"elementor-post__excerpt\">\n\t\t\t<p>Los ni\u00f1os y ni\u00f1as de la jornada de la tarde prepararon junto a sus educadoras y t\u00e9cnicos unas ricas galletas<\/p>\n\t\t<\/div>\n\t\t\t\t\t<div class=\"elementor-post__read-more-wrapper\">\n\t\t\n\t\t<a class=\"elementor-post__read-more\" href=\"https:\/\/www.alcantara-alicante.cl\/alcantara-penalolen\/2024\/11\/20\/preparando-galletas-navidenas\/\" aria-label=\"M\u00e1s informaci\u00f3n sobre Preparando galletas navide\u00f1as\" tabindex=\"-1\" >\n\t\t\tLeer m\u00e1s \u00bb\t\t<\/a>\n\n\t\t\t\t\t<\/div>\n\t\t\t\t<\/div>\n\t\t\t\t<div class=\"elementor-post__meta-data\">\n\t\t\t\t\t<span class=\"elementor-post-date\">\n\t\t\t20 de noviembre de 2024\t\t<\/span>\n\t\t\t\t<\/div>\n\t\t\t\t\t<\/div>\n\t\t<\/article>\n\t\t\t\t<article class=\"elementor-post elementor-grid-item post-434 post type-post status-publish format-standard has-post-thumbnail hentry category-destacadas category-noticias-parvulario\" role=\"listitem\">\n\t\t\t<div class=\"elementor-post__card\">\n\t\t\t\t<a class=\"elementor-post__thumbnail__link\" href=\"https:\/\/www.alcantara-alicante.cl\/alcantara-penalolen\/2024\/11\/17\/despidiendo-a-los-iv-medios\/\" tabindex=\"-1\" ><div class=\"elementor-post__thumbnail\"><img loading=\"lazy\" decoding=\"async\" width=\"300\" height=\"200\" src=\"https:\/\/www.alcantara-alicante.cl\/alcantara-penalolen\/wp-content\/uploads\/sites\/4\/2024\/11\/destacado-1-300x200.jpg\" class=\"attachment-medium size-medium wp-image-435\" alt=\"\" srcset=\"https:\/\/www.alcantara-alicante.cl\/alcantara-penalolen\/wp-content\/uploads\/sites\/4\/2024\/11\/destacado-1-300x200.jpg 300w, https:\/\/www.alcantara-alicante.cl\/alcantara-penalolen\/wp-content\/uploads\/sites\/4\/2024\/11\/destacado-1.jpg 500w\" sizes=\"(max-width: 300px) 100vw, 300px\" \/><\/div><\/a>\n\t\t\t\t<div class=\"elementor-post__badge\">Destacadas<\/div>\n\t\t\t\t<div class=\"elementor-post__text\">\n\t\t\t\t<h3 class=\"elementor-post__title\">\n\t\t\t<a href=\"https:\/\/www.alcantara-alicante.cl\/alcantara-penalolen\/2024\/11\/17\/despidiendo-a-los-iv-medios\/\" >\n\t\t\t\tDespidiendo a los IV medios\t\t\t<\/a>\n\t\t<\/h3>\n\t\t\t\t<div class=\"elementor-post__excerpt\">\n\t\t\t<p>Despedida cuartos medios a ni\u00f1os y ni\u00f1as de preescolar El martes 12 de noviembre, terminando ya su per\u00edodo escolar, los<\/p>\n\t\t<\/div>\n\t\t\t\t\t<div class=\"elementor-post__read-more-wrapper\">\n\t\t\n\t\t<a class=\"elementor-post__read-more\" href=\"https:\/\/www.alcantara-alicante.cl\/alcantara-penalolen\/2024\/11\/17\/despidiendo-a-los-iv-medios\/\" aria-label=\"M\u00e1s informaci\u00f3n sobre Despidiendo a los IV medios\" tabindex=\"-1\" >\n\t\t\tLeer m\u00e1s \u00bb\t\t<\/a>\n\n\t\t\t\t\t<\/div>\n\t\t\t\t<\/div>\n\t\t\t\t<div class=\"elementor-post__meta-data\">\n\t\t\t\t\t<span class=\"elementor-post-date\">\n\t\t\t17 de noviembre de 2024\t\t<\/span>\n\t\t\t\t<\/div>\n\t\t\t\t\t<\/div>\n\t\t<\/article>\n\t\t\t\t<article class=\"elementor-post elementor-grid-item post-438 post type-post status-publish format-standard has-post-thumbnail hentry category-destacadas category-noticias-parvulario\" role=\"listitem\">\n\t\t\t<div class=\"elementor-post__card\">\n\t\t\t\t<a class=\"elementor-post__thumbnail__link\" href=\"https:\/\/www.alcantara-alicante.cl\/alcantara-penalolen\/2024\/11\/01\/carnaval-de-primavera\/\" tabindex=\"-1\" ><div class=\"elementor-post__thumbnail\"><img loading=\"lazy\" decoding=\"async\" width=\"300\" height=\"200\" src=\"https:\/\/www.alcantara-alicante.cl\/alcantara-penalolen\/wp-content\/uploads\/sites\/4\/2024\/11\/destacado-300x200.jpg\" class=\"attachment-medium size-medium wp-image-439\" alt=\"\" srcset=\"https:\/\/www.alcantara-alicante.cl\/alcantara-penalolen\/wp-content\/uploads\/sites\/4\/2024\/11\/destacado-300x200.jpg 300w, https:\/\/www.alcantara-alicante.cl\/alcantara-penalolen\/wp-content\/uploads\/sites\/4\/2024\/11\/destacado.jpg 500w\" sizes=\"(max-width: 300px) 100vw, 300px\" \/><\/div><\/a>\n\t\t\t\t<div class=\"elementor-post__badge\">Destacadas<\/div>\n\t\t\t\t<div class=\"elementor-post__text\">\n\t\t\t\t<h3 class=\"elementor-post__title\">\n\t\t\t<a href=\"https:\/\/www.alcantara-alicante.cl\/alcantara-penalolen\/2024\/11\/01\/carnaval-de-primavera\/\" >\n\t\t\t\tCarnaval de primavera\t\t\t<\/a>\n\t\t<\/h3>\n\t\t\t\t<div class=\"elementor-post__excerpt\">\n\t\t\t<p>El mi\u00e9rcoles 30 de octubre celebramos a la primavera con un carnaval. En esta oportunidad se realizaron decoraciones para adornar<\/p>\n\t\t<\/div>\n\t\t\t\t\t<div class=\"elementor-post__read-more-wrapper\">\n\t\t\n\t\t<a class=\"elementor-post__read-more\" href=\"https:\/\/www.alcantara-alicante.cl\/alcantara-penalolen\/2024\/11\/01\/carnaval-de-primavera\/\" aria-label=\"M\u00e1s informaci\u00f3n sobre Carnaval de primavera\" tabindex=\"-1\" >\n\t\t\tLeer m\u00e1s \u00bb\t\t<\/a>\n\n\t\t\t\t\t<\/div>\n\t\t\t\t<\/div>\n\t\t\t\t<div class=\"elementor-post__meta-data\">\n\t\t\t\t\t<span class=\"elementor-post-date\">\n\t\t\t1 de noviembre de 2024\t\t<\/span>\n\t\t\t\t<\/div>\n\t\t\t\t\t<\/div>\n\t\t<\/article>\n\t\t\t\t<article class=\"elementor-post elementor-grid-item post-461 post type-post status-publish format-standard has-post-thumbnail hentry category-destacadas category-noticias-parvulario\" role=\"listitem\">\n\t\t\t<div class=\"elementor-post__card\">\n\t\t\t\t<a class=\"elementor-post__thumbnail__link\" href=\"https:\/\/www.alcantara-alicante.cl\/alcantara-penalolen\/2024\/10\/14\/haciendo-pan-amasado\/\" tabindex=\"-1\" ><div class=\"elementor-post__thumbnail\"><img loading=\"lazy\" decoding=\"async\" width=\"300\" height=\"200\" src=\"https:\/\/www.alcantara-alicante.cl\/alcantara-penalolen\/wp-content\/uploads\/sites\/4\/2024\/10\/destacado-300x200.jpeg\" class=\"attachment-medium size-medium wp-image-462\" alt=\"\" srcset=\"https:\/\/www.alcantara-alicante.cl\/alcantara-penalolen\/wp-content\/uploads\/sites\/4\/2024\/10\/destacado-300x200.jpeg 300w, https:\/\/www.alcantara-alicante.cl\/alcantara-penalolen\/wp-content\/uploads\/sites\/4\/2024\/10\/destacado.jpeg 500w\" sizes=\"(max-width: 300px) 100vw, 300px\" \/><\/div><\/a>\n\t\t\t\t<div class=\"elementor-post__badge\">Destacadas<\/div>\n\t\t\t\t<div class=\"elementor-post__text\">\n\t\t\t\t<h3 class=\"elementor-post__title\">\n\t\t\t<a href=\"https:\/\/www.alcantara-alicante.cl\/alcantara-penalolen\/2024\/10\/14\/haciendo-pan-amasado\/\" >\n\t\t\t\tHaciendo pan amasado\t\t\t<\/a>\n\t\t<\/h3>\n\t\t\t\t<div class=\"elementor-post__excerpt\">\n\t\t\t<p>Los ni\u00f1os y ni\u00f1as de k\u00ednder y prek\u00ednder hicieron pan amasado junto a sus compa\u00f1eros. Realizar una receta siguiendo todos<\/p>\n\t\t<\/div>\n\t\t\t\t\t<div class=\"elementor-post__read-more-wrapper\">\n\t\t\n\t\t<a class=\"elementor-post__read-more\" href=\"https:\/\/www.alcantara-alicante.cl\/alcantara-penalolen\/2024\/10\/14\/haciendo-pan-amasado\/\" aria-label=\"M\u00e1s informaci\u00f3n sobre Haciendo pan amasado\" tabindex=\"-1\" >\n\t\t\tLeer m\u00e1s \u00bb\t\t<\/a>\n\n\t\t\t\t\t<\/div>\n\t\t\t\t<\/div>\n\t\t\t\t<div class=\"elementor-post__meta-data\">\n\t\t\t\t\t<span class=\"elementor-post-date\">\n\t\t\t14 de octubre de 2024\t\t<\/span>\n\t\t\t\t<\/div>\n\t\t\t\t\t<\/div>\n\t\t<\/article>\n\t\t\t\t<article class=\"elementor-post elementor-grid-item post-481 post type-post status-publish format-standard has-post-thumbnail hentry category-destacadas category-noticias-parvulario\" role=\"listitem\">\n\t\t\t<div class=\"elementor-post__card\">\n\t\t\t\t<a class=\"elementor-post__thumbnail__link\" href=\"https:\/\/www.alcantara-alicante.cl\/alcantara-penalolen\/2024\/10\/09\/inicio-taller-multidisciplinario\/\" tabindex=\"-1\" ><div class=\"elementor-post__thumbnail\"><img loading=\"lazy\" decoding=\"async\" width=\"300\" height=\"200\" src=\"https:\/\/www.alcantara-alicante.cl\/alcantara-penalolen\/wp-content\/uploads\/sites\/4\/2024\/10\/destacado-300x200.jpg\" class=\"attachment-medium size-medium wp-image-482\" alt=\"\" srcset=\"https:\/\/www.alcantara-alicante.cl\/alcantara-penalolen\/wp-content\/uploads\/sites\/4\/2024\/10\/destacado-300x200.jpg 300w, https:\/\/www.alcantara-alicante.cl\/alcantara-penalolen\/wp-content\/uploads\/sites\/4\/2024\/10\/destacado.jpg 500w\" sizes=\"(max-width: 300px) 100vw, 300px\" \/><\/div><\/a>\n\t\t\t\t<div class=\"elementor-post__badge\">Destacadas<\/div>\n\t\t\t\t<div class=\"elementor-post__text\">\n\t\t\t\t<h3 class=\"elementor-post__title\">\n\t\t\t<a href=\"https:\/\/www.alcantara-alicante.cl\/alcantara-penalolen\/2024\/10\/09\/inicio-taller-multidisciplinario\/\" >\n\t\t\t\tInicio taller multidisciplinario\t\t\t<\/a>\n\t\t<\/h3>\n\t\t\t\t<div class=\"elementor-post__excerpt\">\n\t\t\t<p>El d\u00eda jueves 3 de octubre dimos inicio a nuestro taller multidisciplinario dirigido a los estudiantes de la jornada de<\/p>\n\t\t<\/div>\n\t\t\t\t\t<div class=\"elementor-post__read-more-wrapper\">\n\t\t\n\t\t<a class=\"elementor-post__read-more\" href=\"https:\/\/www.alcantara-alicante.cl\/alcantara-penalolen\/2024\/10\/09\/inicio-taller-multidisciplinario\/\" aria-label=\"M\u00e1s informaci\u00f3n sobre Inicio taller multidisciplinario\" tabindex=\"-1\" >\n\t\t\tLeer m\u00e1s \u00bb\t\t<\/a>\n\n\t\t\t\t\t<\/div>\n\t\t\t\t<\/div>\n\t\t\t\t<div class=\"elementor-post__meta-data\">\n\t\t\t\t\t<span class=\"elementor-post-date\">\n\t\t\t9 de octubre de 2024\t\t<\/span>\n\t\t\t\t<\/div>\n\t\t\t\t\t<\/div>\n\t\t<\/article>\n\t\t\t\t<article class=\"elementor-post elementor-grid-item post-497 post type-post status-publish format-standard has-post-thumbnail hentry category-destacadas category-noticias-parvulario\" role=\"listitem\">\n\t\t\t<div class=\"elementor-post__card\">\n\t\t\t\t<a class=\"elementor-post__thumbnail__link\" href=\"https:\/\/www.alcantara-alicante.cl\/alcantara-penalolen\/2024\/10\/03\/si-no-baila\/\" tabindex=\"-1\" ><div class=\"elementor-post__thumbnail\"><img loading=\"lazy\" decoding=\"async\" width=\"300\" height=\"200\" src=\"https:\/\/www.alcantara-alicante.cl\/alcantara-penalolen\/wp-content\/uploads\/sites\/4\/2024\/10\/Ed.parvularia-300x200.jpg\" class=\"attachment-medium size-medium wp-image-498\" alt=\"\" srcset=\"https:\/\/www.alcantara-alicante.cl\/alcantara-penalolen\/wp-content\/uploads\/sites\/4\/2024\/10\/Ed.parvularia-300x200.jpg 300w, https:\/\/www.alcantara-alicante.cl\/alcantara-penalolen\/wp-content\/uploads\/sites\/4\/2024\/10\/Ed.parvularia.jpg 500w\" sizes=\"(max-width: 300px) 100vw, 300px\" \/><\/div><\/a>\n\t\t\t\t<div class=\"elementor-post__badge\">Destacadas<\/div>\n\t\t\t\t<div class=\"elementor-post__text\">\n\t\t\t\t<h3 class=\"elementor-post__title\">\n\t\t\t<a href=\"https:\/\/www.alcantara-alicante.cl\/alcantara-penalolen\/2024\/10\/03\/si-no-baila\/\" >\n\t\t\t\tSi no baila&#8230;\t\t\t<\/a>\n\t\t<\/h3>\n\t\t\t\t<div class=\"elementor-post__excerpt\">\n\t\t\t<p>\u201cSi no ingresa bailando no puede retirar a su hijo o hija\u201d \u00a0 Esta semana a la hora de retiro<\/p>\n\t\t<\/div>\n\t\t\t\t\t<div class=\"elementor-post__read-more-wrapper\">\n\t\t\n\t\t<a class=\"elementor-post__read-more\" href=\"https:\/\/www.alcantara-alicante.cl\/alcantara-penalolen\/2024\/10\/03\/si-no-baila\/\" aria-label=\"M\u00e1s informaci\u00f3n sobre Si no baila&#8230;\" tabindex=\"-1\" >\n\t\t\tLeer m\u00e1s \u00bb\t\t<\/a>\n\n\t\t\t\t\t<\/div>\n\t\t\t\t<\/div>\n\t\t\t\t<div class=\"elementor-post__meta-data\">\n\t\t\t\t\t<span class=\"elementor-post-date\">\n\t\t\t3 de octubre de 2024\t\t<\/span>\n\t\t\t\t<\/div>\n\t\t\t\t\t<\/div>\n\t\t<\/article>\n\t\t\t\t<article class=\"elementor-post elementor-grid-item post-517 post type-post status-publish format-standard has-post-thumbnail hentry category-destacadas category-noticias-parvulario\" role=\"listitem\">\n\t\t\t<div class=\"elementor-post__card\">\n\t\t\t\t<a class=\"elementor-post__thumbnail__link\" href=\"https:\/\/www.alcantara-alicante.cl\/alcantara-penalolen\/2024\/09\/24\/celebramos-el-18-de-septiembre\/\" tabindex=\"-1\" ><div class=\"elementor-post__thumbnail\"><img loading=\"lazy\" decoding=\"async\" width=\"300\" height=\"200\" src=\"https:\/\/www.alcantara-alicante.cl\/alcantara-penalolen\/wp-content\/uploads\/sites\/4\/2024\/09\/Destacado-300x200.jpeg\" class=\"attachment-medium size-medium wp-image-518\" alt=\"\" srcset=\"https:\/\/www.alcantara-alicante.cl\/alcantara-penalolen\/wp-content\/uploads\/sites\/4\/2024\/09\/Destacado-300x200.jpeg 300w, https:\/\/www.alcantara-alicante.cl\/alcantara-penalolen\/wp-content\/uploads\/sites\/4\/2024\/09\/Destacado.jpeg 500w\" sizes=\"(max-width: 300px) 100vw, 300px\" \/><\/div><\/a>\n\t\t\t\t<div class=\"elementor-post__badge\">Destacadas<\/div>\n\t\t\t\t<div class=\"elementor-post__text\">\n\t\t\t\t<h3 class=\"elementor-post__title\">\n\t\t\t<a href=\"https:\/\/www.alcantara-alicante.cl\/alcantara-penalolen\/2024\/09\/24\/celebramos-el-18-de-septiembre\/\" >\n\t\t\t\tCelebramos el 18 de septiembre\t\t\t<\/a>\n\t\t<\/h3>\n\t\t\t\t<div class=\"elementor-post__excerpt\">\n\t\t\t<p>Celebrando en el parvulario con juegos y bailes t\u00edpicos EL jueves 12 de septiembre realizamos nuestra fonda en el parvulario,<\/p>\n\t\t<\/div>\n\t\t\t\t\t<div class=\"elementor-post__read-more-wrapper\">\n\t\t\n\t\t<a class=\"elementor-post__read-more\" href=\"https:\/\/www.alcantara-alicante.cl\/alcantara-penalolen\/2024\/09\/24\/celebramos-el-18-de-septiembre\/\" aria-label=\"M\u00e1s informaci\u00f3n sobre Celebramos el 18 de septiembre\" tabindex=\"-1\" >\n\t\t\tLeer m\u00e1s \u00bb\t\t<\/a>\n\n\t\t\t\t\t<\/div>\n\t\t\t\t<\/div>\n\t\t\t\t<div class=\"elementor-post__meta-data\">\n\t\t\t\t\t<span class=\"elementor-post-date\">\n\t\t\t24 de septiembre de 2024\t\t<\/span>\n\t\t\t\t<\/div>\n\t\t\t\t\t<\/div>\n\t\t<\/article>\n\t\t\t\t<article class=\"elementor-post elementor-grid-item post-536 post type-post status-publish format-standard has-post-thumbnail hentry category-academicas category-destacadas category-noticias-parvulario\" role=\"listitem\">\n\t\t\t<div class=\"elementor-post__card\">\n\t\t\t\t<a class=\"elementor-post__thumbnail__link\" href=\"https:\/\/www.alcantara-alicante.cl\/alcantara-penalolen\/2024\/09\/09\/visita-a-m-de-penalolen\/\" tabindex=\"-1\" ><div class=\"elementor-post__thumbnail\"><img loading=\"lazy\" decoding=\"async\" width=\"300\" height=\"200\" src=\"https:\/\/www.alcantara-alicante.cl\/alcantara-penalolen\/wp-content\/uploads\/sites\/4\/2024\/09\/destacada-300x200.jpeg\" class=\"attachment-medium size-medium wp-image-537\" alt=\"\" srcset=\"https:\/\/www.alcantara-alicante.cl\/alcantara-penalolen\/wp-content\/uploads\/sites\/4\/2024\/09\/destacada-300x200.jpeg 300w, https:\/\/www.alcantara-alicante.cl\/alcantara-penalolen\/wp-content\/uploads\/sites\/4\/2024\/09\/destacada.jpeg 500w\" sizes=\"(max-width: 300px) 100vw, 300px\" \/><\/div><\/a>\n\t\t\t\t<div class=\"elementor-post__badge\">Acad\u00e9micas<\/div>\n\t\t\t\t<div class=\"elementor-post__text\">\n\t\t\t\t<h3 class=\"elementor-post__title\">\n\t\t\t<a href=\"https:\/\/www.alcantara-alicante.cl\/alcantara-penalolen\/2024\/09\/09\/visita-a-m-de-penalolen\/\" >\n\t\t\t\tVisita a M. de Pe\u00f1alol\u00e9n\t\t\t<\/a>\n\t\t<\/h3>\n\t\t\t\t<div class=\"elementor-post__excerpt\">\n\t\t\t<p>El viernes 6 de septiembre la jornada de la ma\u00f1ana participo de una visita guiada por la Municipalidad de Pe\u00f1alol\u00e9n.<\/p>\n\t\t<\/div>\n\t\t\t\t\t<div class=\"elementor-post__read-more-wrapper\">\n\t\t\n\t\t<a class=\"elementor-post__read-more\" href=\"https:\/\/www.alcantara-alicante.cl\/alcantara-penalolen\/2024\/09\/09\/visita-a-m-de-penalolen\/\" aria-label=\"M\u00e1s informaci\u00f3n sobre Visita a M. de Pe\u00f1alol\u00e9n\" tabindex=\"-1\" >\n\t\t\tLeer m\u00e1s \u00bb\t\t<\/a>\n\n\t\t\t\t\t<\/div>\n\t\t\t\t<\/div>\n\t\t\t\t<div class=\"elementor-post__meta-data\">\n\t\t\t\t\t<span class=\"elementor-post-date\">\n\t\t\t9 de septiembre de 2024\t\t<\/span>\n\t\t\t\t<\/div>\n\t\t\t\t\t<\/div>\n\t\t<\/article>\n\t\t\t\t<article class=\"elementor-post elementor-grid-item post-554 post type-post status-publish format-standard has-post-thumbnail hentry category-academicas category-destacadas category-noticias-parvulario\" role=\"listitem\">\n\t\t\t<div class=\"elementor-post__card\">\n\t\t\t\t<a class=\"elementor-post__thumbnail__link\" href=\"https:\/\/www.alcantara-alicante.cl\/alcantara-penalolen\/2024\/09\/02\/matematicas-en-preescolar\/\" tabindex=\"-1\" ><div class=\"elementor-post__thumbnail\"><img loading=\"lazy\" decoding=\"async\" width=\"300\" height=\"200\" src=\"https:\/\/www.alcantara-alicante.cl\/alcantara-penalolen\/wp-content\/uploads\/sites\/4\/2024\/09\/destacado-300x200.jpg\" class=\"attachment-medium size-medium wp-image-555\" alt=\"\" srcset=\"https:\/\/www.alcantara-alicante.cl\/alcantara-penalolen\/wp-content\/uploads\/sites\/4\/2024\/09\/destacado-300x200.jpg 300w, https:\/\/www.alcantara-alicante.cl\/alcantara-penalolen\/wp-content\/uploads\/sites\/4\/2024\/09\/destacado.jpg 500w\" sizes=\"(max-width: 300px) 100vw, 300px\" \/><\/div><\/a>\n\t\t\t\t<div class=\"elementor-post__badge\">Acad\u00e9micas<\/div>\n\t\t\t\t<div class=\"elementor-post__text\">\n\t\t\t\t<h3 class=\"elementor-post__title\">\n\t\t\t<a href=\"https:\/\/www.alcantara-alicante.cl\/alcantara-penalolen\/2024\/09\/02\/matematicas-en-preescolar\/\" >\n\t\t\t\tMatem\u00e1ticas en preescolar\t\t\t<\/a>\n\t\t<\/h3>\n\t\t\t\t<div class=\"elementor-post__excerpt\">\n\t\t\t<p>Descomponiendo y componiendo n\u00fameros \u00a0 En clases de matem\u00e1ticas los ni\u00f1os y ni\u00f1as trabajan la descomposici\u00f3n y composici\u00f3n de n\u00fameros,<\/p>\n\t\t<\/div>\n\t\t\t\t\t<div class=\"elementor-post__read-more-wrapper\">\n\t\t\n\t\t<a class=\"elementor-post__read-more\" href=\"https:\/\/www.alcantara-alicante.cl\/alcantara-penalolen\/2024\/09\/02\/matematicas-en-preescolar\/\" aria-label=\"M\u00e1s informaci\u00f3n sobre Matem\u00e1ticas en preescolar\" tabindex=\"-1\" >\n\t\t\tLeer m\u00e1s \u00bb\t\t<\/a>\n\n\t\t\t\t\t<\/div>\n\t\t\t\t<\/div>\n\t\t\t\t<div class=\"elementor-post__meta-data\">\n\t\t\t\t\t<span class=\"elementor-post-date\">\n\t\t\t2 de septiembre de 2024\t\t<\/span>\n\t\t\t\t<\/div>\n\t\t\t\t\t<\/div>\n\t\t<\/article>\n\t\t\t\t<article class=\"elementor-post elementor-grid-item post-569 post type-post status-publish format-standard has-post-thumbnail hentry category-destacadas category-noticias-parvulario\" role=\"listitem\">\n\t\t\t<div class=\"elementor-post__card\">\n\t\t\t\t<a class=\"elementor-post__thumbnail__link\" href=\"https:\/\/www.alcantara-alicante.cl\/alcantara-penalolen\/2024\/08\/28\/trabajando-con-graficos-en-ed-parvularia\/\" tabindex=\"-1\" ><div class=\"elementor-post__thumbnail\"><img loading=\"lazy\" decoding=\"async\" width=\"300\" height=\"200\" src=\"https:\/\/www.alcantara-alicante.cl\/alcantara-penalolen\/wp-content\/uploads\/sites\/4\/2024\/08\/destacado-1-300x200.jpg\" class=\"attachment-medium size-medium wp-image-570\" alt=\"\" srcset=\"https:\/\/www.alcantara-alicante.cl\/alcantara-penalolen\/wp-content\/uploads\/sites\/4\/2024\/08\/destacado-1-300x200.jpg 300w, https:\/\/www.alcantara-alicante.cl\/alcantara-penalolen\/wp-content\/uploads\/sites\/4\/2024\/08\/destacado-1.jpg 500w\" sizes=\"(max-width: 300px) 100vw, 300px\" \/><\/div><\/a>\n\t\t\t\t<div class=\"elementor-post__badge\">Destacadas<\/div>\n\t\t\t\t<div class=\"elementor-post__text\">\n\t\t\t\t<h3 class=\"elementor-post__title\">\n\t\t\t<a href=\"https:\/\/www.alcantara-alicante.cl\/alcantara-penalolen\/2024\/08\/28\/trabajando-con-graficos-en-ed-parvularia\/\" >\n\t\t\t\tTrabajando con gr\u00e1ficos en Ed. Parvularia\t\t\t<\/a>\n\t\t<\/h3>\n\t\t\t\t<div class=\"elementor-post__excerpt\">\n\t\t\t<p>En experiencias de aprendizaje de pensamiento matem\u00e1tico se trabaja la unidad de gr\u00e1ficos, la cual es una herramienta para resolver<\/p>\n\t\t<\/div>\n\t\t\t\t\t<div class=\"elementor-post__read-more-wrapper\">\n\t\t\n\t\t<a class=\"elementor-post__read-more\" href=\"https:\/\/www.alcantara-alicante.cl\/alcantara-penalolen\/2024\/08\/28\/trabajando-con-graficos-en-ed-parvularia\/\" aria-label=\"M\u00e1s informaci\u00f3n sobre Trabajando con gr\u00e1ficos en Ed. Parvularia\" tabindex=\"-1\" >\n\t\t\tLeer m\u00e1s \u00bb\t\t<\/a>\n\n\t\t\t\t\t<\/div>\n\t\t\t\t<\/div>\n\t\t\t\t<div class=\"elementor-post__meta-data\">\n\t\t\t\t\t<span class=\"elementor-post-date\">\n\t\t\t28 de agosto de 2024\t\t<\/span>\n\t\t\t\t<\/div>\n\t\t\t\t\t<\/div>\n\t\t<\/article>\n\t\t\t\t<\/div>\n\t\t\n\t\t\t\t\t\t<\/div>\n\t\t\t\t<\/div>\n\t\t\t\t<\/div>\n\t\t\t\t<\/div>\n\t\t","protected":false},"excerpt":{"rendered":"<p>NOTICIAS PREESCOLAR<\/p>\n","protected":false},"author":1,"featured_media":0,"parent":0,"menu_order":0,"comment_status":"closed","ping_status":"closed","template":"elementor_header_footer","meta":{"footnotes":""},"class_list":["post-1440","page","type-page","status-publish","hentry"],"aioseo_notices":[],"_links":{"self":[{"href":"https:\/\/www.alcantara-alicante.cl\/alcantara-penalolen\/wp-json\/wp\/v2\/pages\/1440","targetHints":{"allow":["GET"]}}],"collection":[{"href":"https:\/\/www.alcantara-alicante.cl\/alcantara-penalolen\/wp-json\/wp\/v2\/pages"}],"about":[{"href":"https:\/\/www.alcantara-alicante.cl\/alcantara-penalolen\/wp-json\/wp\/v2\/types\/page"}],"author":[{"embeddable":true,"href":"https:\/\/www.alcantara-alicante.cl\/alcantara-penalolen\/wp-json\/wp\/v2\/users\/1"}],"replies":[{"embeddable":true,"href":"https:\/\/www.alcantara-alicante.cl\/alcantara-penalolen\/wp-json\/wp\/v2\/comments?post=1440"}],"version-history":[{"count":0,"href":"https:\/\/www.alcantara-alicante.cl\/alcantara-penalolen\/wp-json\/wp\/v2\/pages\/1440\/revisions"}],"wp:attachment":[{"href":"https:\/\/www.alcantara-alicante.cl\/alcantara-penalolen\/wp-json\/wp\/v2\/media?parent=1440"}],"curies":[{"name":"wp","href":"https:\/\/api.w.org\/{rel}","templated":true}]}}